{"id":12838,"date":"2019-02-20T21:30:25","date_gmt":"2019-02-21T00:30:25","guid":{"rendered":"http:\/\/plfoto.com.br\/home\/?post_type=album&#038;p=12838"},"modified":"2021-04-13T19:53:09","modified_gmt":"2021-04-13T22:53:09","slug":"still","status":"publish","type":"album","link":"https:\/\/plfoto.com.br\/web\/album\/still\/","title":{"rendered":"Still"},"content":{"rendered":"<p><strong>Manequim Invis\u00edvel ou Manequim\u00a0Fantasma:\u00a0<\/strong>Nessa categoria de fotos de produtos a Roupa \u00e9 apresentada sem que exista uma interfer\u00eancia do modelo, Geralmente usada em ecommerce e muito valorizada por mostrar o caimento da roupa.<\/p>\n<p>&nbsp;<\/p>\n","protected":false},"featured_media":12785,"comment_status":"closed","ping_status":"closed","template":"","genre":[239,204],"class_list":{"0":"post-12838","1":"album","2":"type-album","3":"status-publish","4":"has-post-thumbnail","6":"genre-portfoliohome","7":"genre-still"},"yoast_head":"<!-- This site is optimized with the Yoast SEO Premium plugin v20.8 (Yoast SEO v26.4) - https:\/\/yoast.com\/wordpress\/plugins\/seo\/ -->\n<title>Still - Est\u00fadio Arau\u00e1 | Paulo Lima Fotografia<\/title>\n<meta name=\"robots\" content=\"index, follow, max-snippet:-1, max-image-preview:large, max-video-preview:-1\" \/>\n<link rel=\"canonical\" href=\"https:\/\/plfoto.com.br\/web\/album\/still\/\" \/>\n<meta property=\"og:locale\" content=\"pt_BR\" \/>\n<meta property=\"og:type\" content=\"article\" \/>\n<meta property=\"og:title\" content=\"Still\" \/>\n<meta property=\"og:description\" content=\"Manequim Invis\u00edvel ou Manequim\u00a0Fantasma:\u00a0Nessa categoria de fotos de produtos a Roupa \u00e9 apresentada sem que exista uma interfer\u00eancia do modelo,&hellip;  Leia mais\" \/>\n<meta property=\"og:url\" content=\"https:\/\/plfoto.com.br\/web\/album\/still\/\" \/>\n<meta property=\"og:site_name\" content=\"Est\u00fadio Arau\u00e1 | Paulo Lima Fotografia\" \/>\n<meta property=\"article:publisher\" content=\"https:\/\/www.facebook.com\/PauloLimaFotografia\" \/>\n<meta property=\"article:modified_time\" content=\"2021-04-13T22:53:09+00:00\" \/>\n<meta property=\"og:image\" content=\"https:\/\/plfoto.com.br\/web\/wp-content\/uploads\/2019\/02\/20180524-joias-fotoPauloLima-_MG_0790-1.jpg\" \/>\n\t<meta property=\"og:image:width\" content=\"1200\" \/>\n\t<meta property=\"og:image:height\" content=\"800\" \/>\n\t<meta property=\"og:image:type\" content=\"image\/jpeg\" \/>\n<script type=\"application\/ld+json\" class=\"yoast-schema-graph\">{\"@context\":\"https:\/\/schema.org\",\"@graph\":[{\"@type\":\"WebPage\",\"@id\":\"https:\/\/plfoto.com.br\/web\/album\/still\/\",\"url\":\"https:\/\/plfoto.com.br\/web\/album\/still\/\",\"name\":\"Still - Est\u00fadio Arau\u00e1 | Paulo Lima Fotografia\",\"isPartOf\":{\"@id\":\"https:\/\/plfoto.com.br\/web\/#website\"},\"primaryImageOfPage\":{\"@id\":\"https:\/\/plfoto.com.br\/web\/album\/still\/#primaryimage\"},\"image\":{\"@id\":\"https:\/\/plfoto.com.br\/web\/album\/still\/#primaryimage\"},\"thumbnailUrl\":\"https:\/\/plfoto.com.br\/web\/wp-content\/uploads\/2019\/02\/20180524-joias-fotoPauloLima-_MG_0790-1.jpg\",\"datePublished\":\"2019-02-21T00:30:25+00:00\",\"dateModified\":\"2021-04-13T22:53:09+00:00\",\"breadcrumb\":{\"@id\":\"https:\/\/plfoto.com.br\/web\/album\/still\/#breadcrumb\"},\"inLanguage\":\"pt-BR\",\"potentialAction\":[{\"@type\":\"ReadAction\",\"target\":[\"https:\/\/plfoto.com.br\/web\/album\/still\/\"]}]},{\"@type\":\"ImageObject\",\"inLanguage\":\"pt-BR\",\"@id\":\"https:\/\/plfoto.com.br\/web\/album\/still\/#primaryimage\",\"url\":\"https:\/\/plfoto.com.br\/web\/wp-content\/uploads\/2019\/02\/20180524-joias-fotoPauloLima-_MG_0790-1.jpg\",\"contentUrl\":\"https:\/\/plfoto.com.br\/web\/wp-content\/uploads\/2019\/02\/20180524-joias-fotoPauloLima-_MG_0790-1.jpg\",\"width\":1200,\"height\":800,\"caption\":\"\"},{\"@type\":\"BreadcrumbList\",\"@id\":\"https:\/\/plfoto.com.br\/web\/album\/still\/#breadcrumb\",\"itemListElement\":[{\"@type\":\"ListItem\",\"position\":1,\"name\":\"In\u00edcio\",\"item\":\"https:\/\/plfoto.com.br\/web\/\"},{\"@type\":\"ListItem\",\"position\":2,\"name\":\"Still\"}]},{\"@type\":\"WebSite\",\"@id\":\"https:\/\/plfoto.com.br\/web\/#website\",\"url\":\"https:\/\/plfoto.com.br\/web\/\",\"name\":\"Est\u00fadio Arau\u00e1 | Paulo Lima Fotografia\",\"description\":\"Retratos corporativos, Lookbook, Moda, retratos, ensaios, book, editoriais, gastronomia, produtos, fotografia de moda, fotografia de produtos, fotografo de gastronomia, fotografo de alimentos, est\u00fadio fotogr\u00e1fico, studio, ensaios externos, book em est\u00fadio, book externo, produ\u00e7\u00e3o de fotos, fotografia comercial, fine art, cat\u00e1logos, lookooks\",\"publisher\":{\"@id\":\"https:\/\/plfoto.com.br\/web\/#organization\"},\"potentialAction\":[{\"@type\":\"SearchAction\",\"target\":{\"@type\":\"EntryPoint\",\"urlTemplate\":\"https:\/\/plfoto.com.br\/web\/?s={search_term_string}\"},\"query-input\":{\"@type\":\"PropertyValueSpecification\",\"valueRequired\":true,\"valueName\":\"search_term_string\"}}],\"inLanguage\":\"pt-BR\"},{\"@type\":[\"Organization\",\"Place\"],\"@id\":\"https:\/\/plfoto.com.br\/web\/#organization\",\"name\":\"Paulo Lima Fotografia\",\"url\":\"https:\/\/plfoto.com.br\/web\/\",\"logo\":{\"@id\":\"https:\/\/plfoto.com.br\/web\/album\/still\/#local-main-organization-logo\"},\"image\":{\"@id\":\"https:\/\/plfoto.com.br\/web\/album\/still\/#local-main-organization-logo\"},\"sameAs\":[\"https:\/\/www.facebook.com\/PauloLimaFotografia\",\"https:\/\/x.com\/estudioaraua\",\"https:\/\/www.instagram.com\/paulolima_\/\",\"https:\/\/www.instagram.com\/estudioaraua\/\"],\"openingHoursSpecification\":[{\"@type\":\"OpeningHoursSpecification\",\"dayOfWeek\":[\"Sunday\",\"Monday\",\"Tuesday\",\"Wednesday\",\"Thursday\",\"Friday\",\"Saturday\"],\"opens\":\"09:00\",\"closes\":\"17:00\"}]},{\"@type\":\"ImageObject\",\"inLanguage\":\"pt-BR\",\"@id\":\"https:\/\/plfoto.com.br\/web\/album\/still\/#local-main-organization-logo\",\"url\":\"https:\/\/plfoto.com.br\/web\/wp-content\/uploads\/2018\/12\/LOGO2013-oficial-01.jpg\",\"contentUrl\":\"https:\/\/plfoto.com.br\/web\/wp-content\/uploads\/2018\/12\/LOGO2013-oficial-01.jpg\",\"width\":3508,\"height\":1533,\"caption\":\"Paulo Lima Fotografia\"}]}<\/script>\n<!-- \/ Yoast SEO Premium plugin. -->","yoast_head_json":{"title":"Still - Est\u00fadio Arau\u00e1 | Paulo Lima Fotografia","robots":{"index":"index","follow":"follow","max-snippet":"max-snippet:-1","max-image-preview":"max-image-preview:large","max-video-preview":"max-video-preview:-1"},"canonical":"https:\/\/plfoto.com.br\/web\/album\/still\/","og_locale":"pt_BR","og_type":"article","og_title":"Still","og_description":"Manequim Invis\u00edvel ou Manequim\u00a0Fantasma:\u00a0Nessa categoria de fotos de produtos a Roupa \u00e9 apresentada sem que exista uma interfer\u00eancia do modelo,&hellip;  Leia mais","og_url":"https:\/\/plfoto.com.br\/web\/album\/still\/","og_site_name":"Est\u00fadio Arau\u00e1 | Paulo Lima Fotografia","article_publisher":"https:\/\/www.facebook.com\/PauloLimaFotografia","article_modified_time":"2021-04-13T22:53:09+00:00","og_image":[{"width":1200,"height":800,"url":"https:\/\/plfoto.com.br\/web\/wp-content\/uploads\/2019\/02\/20180524-joias-fotoPauloLima-_MG_0790-1.jpg","type":"image\/jpeg"}],"schema":{"@context":"https:\/\/schema.org","@graph":[{"@type":"WebPage","@id":"https:\/\/plfoto.com.br\/web\/album\/still\/","url":"https:\/\/plfoto.com.br\/web\/album\/still\/","name":"Still - Est\u00fadio Arau\u00e1 | Paulo Lima Fotografia","isPartOf":{"@id":"https:\/\/plfoto.com.br\/web\/#website"},"primaryImageOfPage":{"@id":"https:\/\/plfoto.com.br\/web\/album\/still\/#primaryimage"},"image":{"@id":"https:\/\/plfoto.com.br\/web\/album\/still\/#primaryimage"},"thumbnailUrl":"https:\/\/plfoto.com.br\/web\/wp-content\/uploads\/2019\/02\/20180524-joias-fotoPauloLima-_MG_0790-1.jpg","datePublished":"2019-02-21T00:30:25+00:00","dateModified":"2021-04-13T22:53:09+00:00","breadcrumb":{"@id":"https:\/\/plfoto.com.br\/web\/album\/still\/#breadcrumb"},"inLanguage":"pt-BR","potentialAction":[{"@type":"ReadAction","target":["https:\/\/plfoto.com.br\/web\/album\/still\/"]}]},{"@type":"ImageObject","inLanguage":"pt-BR","@id":"https:\/\/plfoto.com.br\/web\/album\/still\/#primaryimage","url":"https:\/\/plfoto.com.br\/web\/wp-content\/uploads\/2019\/02\/20180524-joias-fotoPauloLima-_MG_0790-1.jpg","contentUrl":"https:\/\/plfoto.com.br\/web\/wp-content\/uploads\/2019\/02\/20180524-joias-fotoPauloLima-_MG_0790-1.jpg","width":1200,"height":800,"caption":""},{"@type":"BreadcrumbList","@id":"https:\/\/plfoto.com.br\/web\/album\/still\/#breadcrumb","itemListElement":[{"@type":"ListItem","position":1,"name":"In\u00edcio","item":"https:\/\/plfoto.com.br\/web\/"},{"@type":"ListItem","position":2,"name":"Still"}]},{"@type":"WebSite","@id":"https:\/\/plfoto.com.br\/web\/#website","url":"https:\/\/plfoto.com.br\/web\/","name":"Est\u00fadio Arau\u00e1 | Paulo Lima Fotografia","description":"Retratos corporativos, Lookbook, Moda, retratos, ensaios, book, editoriais, gastronomia, produtos, fotografia de moda, fotografia de produtos, fotografo de gastronomia, fotografo de alimentos, est\u00fadio fotogr\u00e1fico, studio, ensaios externos, book em est\u00fadio, book externo, produ\u00e7\u00e3o de fotos, fotografia comercial, fine art, cat\u00e1logos, lookooks","publisher":{"@id":"https:\/\/plfoto.com.br\/web\/#organization"},"potentialAction":[{"@type":"SearchAction","target":{"@type":"EntryPoint","urlTemplate":"https:\/\/plfoto.com.br\/web\/?s={search_term_string}"},"query-input":{"@type":"PropertyValueSpecification","valueRequired":true,"valueName":"search_term_string"}}],"inLanguage":"pt-BR"},{"@type":["Organization","Place"],"@id":"https:\/\/plfoto.com.br\/web\/#organization","name":"Paulo Lima Fotografia","url":"https:\/\/plfoto.com.br\/web\/","logo":{"@id":"https:\/\/plfoto.com.br\/web\/album\/still\/#local-main-organization-logo"},"image":{"@id":"https:\/\/plfoto.com.br\/web\/album\/still\/#local-main-organization-logo"},"sameAs":["https:\/\/www.facebook.com\/PauloLimaFotografia","https:\/\/x.com\/estudioaraua","https:\/\/www.instagram.com\/paulolima_\/","https:\/\/www.instagram.com\/estudioaraua\/"],"openingHoursSpecification":[{"@type":"OpeningHoursSpecification","dayOfWeek":["Sunday","Monday","Tuesday","Wednesday","Thursday","Friday","Saturday"],"opens":"09:00","closes":"17:00"}]},{"@type":"ImageObject","inLanguage":"pt-BR","@id":"https:\/\/plfoto.com.br\/web\/album\/still\/#local-main-organization-logo","url":"https:\/\/plfoto.com.br\/web\/wp-content\/uploads\/2018\/12\/LOGO2013-oficial-01.jpg","contentUrl":"https:\/\/plfoto.com.br\/web\/wp-content\/uploads\/2018\/12\/LOGO2013-oficial-01.jpg","width":3508,"height":1533,"caption":"Paulo Lima Fotografia"}]}},"_links":{"self":[{"href":"https:\/\/plfoto.com.br\/web\/wp-json\/wp\/v2\/album\/12838","targetHints":{"allow":["GET"]}}],"collection":[{"href":"https:\/\/plfoto.com.br\/web\/wp-json\/wp\/v2\/album"}],"about":[{"href":"https:\/\/plfoto.com.br\/web\/wp-json\/wp\/v2\/types\/album"}],"replies":[{"embeddable":true,"href":"https:\/\/plfoto.com.br\/web\/wp-json\/wp\/v2\/comments?post=12838"}],"version-history":[{"count":2,"href":"https:\/\/plfoto.com.br\/web\/wp-json\/wp\/v2\/album\/12838\/revisions"}],"predecessor-version":[{"id":13943,"href":"https:\/\/plfoto.com.br\/web\/wp-json\/wp\/v2\/album\/12838\/revisions\/13943"}],"wp:featuredmedia":[{"embeddable":true,"href":"https:\/\/plfoto.com.br\/web\/wp-json\/wp\/v2\/media\/12785"}],"wp:attachment":[{"href":"https:\/\/plfoto.com.br\/web\/wp-json\/wp\/v2\/media?parent=12838"}],"wp:term":[{"taxonomy":"genre","embeddable":true,"href":"https:\/\/plfoto.com.br\/web\/wp-json\/wp\/v2\/genre?post=12838"}],"curies":[{"name":"wp","href":"https:\/\/api.w.org\/{rel}","templated":true}]}}