{"id":19269,"date":"2021-10-10T20:48:31","date_gmt":"2021-10-10T23:48:31","guid":{"rendered":"https:\/\/plfoto.com.br\/web\/?page_id=19269"},"modified":"2025-06-06T08:25:41","modified_gmt":"2025-06-06T11:25:41","slug":"retrato-corporativo","status":"publish","type":"page","link":"https:\/\/plfoto.com.br\/web\/retrato-corporativo\/","title":{"rendered":"Retrato Corporativo"},"content":{"rendered":"\t\t<div data-elementor-type=\"wp-page\" data-elementor-id=\"19269\" class=\"elementor elementor-19269\">\n\t\t\t\t\t\t<section class=\"elementor-section elementor-top-section elementor-element elementor-element-806dcac elementor-section-stretched elementor-section-boxed elementor-section-height-default elementor-section-height-default\" data-id=\"806dcac\" data-element_type=\"section\" data-settings=\"{&quot;background_background&quot;:&quot;classic&quot;,&quot;stretch_section&quot;:&quot;section-stretched&quot;}\">\n\t\t\t\t\t\t<div class=\"elementor-container elementor-column-gap-default\">\n\t\t\t\t\t<div class=\"elementor-column elementor-col-100 elementor-top-column elementor-element elementor-element-b958db5\" data-id=\"b958db5\" data-element_type=\"column\">\n\t\t\t<div class=\"elementor-widget-wrap elementor-element-populated\">\n\t\t\t\t\t\t<div class=\"elementor-element elementor-element-e634d17 elementor-widget elementor-widget-spacer\" data-id=\"e634d17\" data-element_type=\"widget\" data-widget_type=\"spacer.default\">\n\t\t\t\t<div class=\"elementor-widget-container\">\n\t\t\t\t\t\t\t<div class=\"elementor-spacer\">\n\t\t\t<div class=\"elementor-spacer-inner\"><\/div>\n\t\t<\/div>\n\t\t\t\t\t\t<\/div>\n\t\t\t\t<\/div>\n\t\t\t\t<div class=\"elementor-element elementor-element-fcb014e elementor-widget elementor-widget-heading\" data-id=\"fcb014e\" data-element_type=\"widget\" data-widget_type=\"heading.default\">\n\t\t\t\t<div class=\"elementor-widget-container\">\n\t\t\t\t\t<h1 class=\"elementor-heading-title elementor-size-default\">Retrato corporativo<\/h1>\t\t\t\t<\/div>\n\t\t\t\t<\/div>\n\t\t\t\t<div class=\"elementor-element elementor-element-b2efc7a elementor-widget elementor-widget-heading\" data-id=\"b2efc7a\" data-element_type=\"widget\" data-widget_type=\"heading.default\">\n\t\t\t\t<div class=\"elementor-widget-container\">\n\t\t\t\t\t<h2 class=\"elementor-heading-title elementor-size-default\">Nossa especialidade \u00e9 te ajudar a encantar seus clientes<\/h2>\t\t\t\t<\/div>\n\t\t\t\t<\/div>\n\t\t\t\t<div class=\"elementor-element elementor-element-b2ba075 elementor-widget elementor-widget-spacer\" data-id=\"b2ba075\" data-element_type=\"widget\" data-widget_type=\"spacer.default\">\n\t\t\t\t<div class=\"elementor-widget-container\">\n\t\t\t\t\t\t\t<div class=\"elementor-spacer\">\n\t\t\t<div class=\"elementor-spacer-inner\"><\/div>\n\t\t<\/div>\n\t\t\t\t\t\t<\/div>\n\t\t\t\t<\/div>\n\t\t\t\t\t<\/div>\n\t\t<\/div>\n\t\t\t\t\t<\/div>\n\t\t<\/section>\n\t\t\t\t<section class=\"elementor-section elementor-top-section elementor-element elementor-element-36e2e21 elementor-section-boxed elementor-section-height-default elementor-section-height-default\" data-id=\"36e2e21\" data-element_type=\"section\" data-settings=\"{&quot;background_background&quot;:&quot;classic&quot;}\">\n\t\t\t\t\t\t<div class=\"elementor-container elementor-column-gap-default\">\n\t\t\t\t\t<div class=\"elementor-column elementor-col-50 elementor-top-column elementor-element elementor-element-41d0bf9\" data-id=\"41d0bf9\" data-element_type=\"column\">\n\t\t\t<div class=\"elementor-widget-wrap elementor-element-populated\">\n\t\t\t\t\t\t<div class=\"elementor-element elementor-element-658f4a1 elementor-widget elementor-widget-spacer\" data-id=\"658f4a1\" data-element_type=\"widget\" data-widget_type=\"spacer.default\">\n\t\t\t\t<div class=\"elementor-widget-container\">\n\t\t\t\t\t\t\t<div class=\"elementor-spacer\">\n\t\t\t<div class=\"elementor-spacer-inner\"><\/div>\n\t\t<\/div>\n\t\t\t\t\t\t<\/div>\n\t\t\t\t<\/div>\n\t\t\t\t<div class=\"elementor-element elementor-element-f68abe4 elementor-widget elementor-widget-image\" data-id=\"f68abe4\" data-element_type=\"widget\" data-widget_type=\"image.default\">\n\t\t\t\t<div class=\"elementor-widget-container\">\n\t\t\t\t\t\t\t\t\t\t\t\t\t\t\t<img fetchpriority=\"high\" decoding=\"async\" width=\"355\" height=\"533\" src=\"https:\/\/plfoto.com.br\/web\/wp-content\/uploads\/2021\/08\/20210728-Eduardo-fotoPauloLima-_MG_2909-355x533.jpg\" class=\"attachment-medium size-medium wp-image-18992\" alt=\"\" srcset=\"https:\/\/plfoto.com.br\/web\/wp-content\/uploads\/2021\/08\/20210728-Eduardo-fotoPauloLima-_MG_2909-355x533.jpg 355w, https:\/\/plfoto.com.br\/web\/wp-content\/uploads\/2021\/08\/20210728-Eduardo-fotoPauloLima-_MG_2909-909x1364.jpg 909w, https:\/\/plfoto.com.br\/web\/wp-content\/uploads\/2021\/08\/20210728-Eduardo-fotoPauloLima-_MG_2909-768x1152.jpg 768w, https:\/\/plfoto.com.br\/web\/wp-content\/uploads\/2021\/08\/20210728-Eduardo-fotoPauloLima-_MG_2909-1024x1536.jpg 1024w, https:\/\/plfoto.com.br\/web\/wp-content\/uploads\/2021\/08\/20210728-Eduardo-fotoPauloLima-_MG_2909.jpg 1365w\" sizes=\"(max-width: 355px) 100vw, 355px\" \/>\t\t\t\t\t\t\t\t\t\t\t\t\t\t\t<\/div>\n\t\t\t\t<\/div>\n\t\t\t\t<div class=\"elementor-element elementor-element-98c285b elementor-widget elementor-widget-spacer\" data-id=\"98c285b\" data-element_type=\"widget\" data-widget_type=\"spacer.default\">\n\t\t\t\t<div class=\"elementor-widget-container\">\n\t\t\t\t\t\t\t<div class=\"elementor-spacer\">\n\t\t\t<div class=\"elementor-spacer-inner\"><\/div>\n\t\t<\/div>\n\t\t\t\t\t\t<\/div>\n\t\t\t\t<\/div>\n\t\t\t\t\t<\/div>\n\t\t<\/div>\n\t\t\t\t<div class=\"elementor-column elementor-col-50 elementor-top-column elementor-element elementor-element-d3049d4\" data-id=\"d3049d4\" data-element_type=\"column\">\n\t\t\t<div class=\"elementor-widget-wrap elementor-element-populated\">\n\t\t\t\t\t\t<div class=\"elementor-element elementor-element-e564832 elementor-widget elementor-widget-spacer\" data-id=\"e564832\" data-element_type=\"widget\" data-widget_type=\"spacer.default\">\n\t\t\t\t<div class=\"elementor-widget-container\">\n\t\t\t\t\t\t\t<div class=\"elementor-spacer\">\n\t\t\t<div class=\"elementor-spacer-inner\"><\/div>\n\t\t<\/div>\n\t\t\t\t\t\t<\/div>\n\t\t\t\t<\/div>\n\t\t\t\t<div class=\"elementor-element elementor-element-f72ed8e elementor-widget elementor-widget-heading\" data-id=\"f72ed8e\" data-element_type=\"widget\" data-widget_type=\"heading.default\">\n\t\t\t\t<div class=\"elementor-widget-container\">\n\t\t\t\t\t<h2 class=\"elementor-heading-title elementor-size-default\">Sua imagem diz muito sobre voc\u00ea!<\/h2>\t\t\t\t<\/div>\n\t\t\t\t<\/div>\n\t\t\t\t<div class=\"elementor-element elementor-element-881e829 elementor-widget elementor-widget-text-editor\" data-id=\"881e829\" data-element_type=\"widget\" data-widget_type=\"text-editor.default\">\n\t\t\t\t<div class=\"elementor-widget-container\">\n\t\t\t\t\t\t\t\t\t<p>Um <strong>bom retrato corporativo<\/strong> pode ser melhor que seu cart\u00e3o de visitas.<\/p><p>Nos meios digitais a<strong> sua imagem \u00e9 a primeira forma de se apresentar<\/strong> e causar uma <strong>boa impress\u00e3o.<\/strong>\u00a0<\/p><p>Atrav\u00e9s dela as pessoas podem se interessar pelo que voc\u00ea realmente quer falar ou mostrar simplesmente por se identificarem com voc\u00ea.<\/p><p>Tomar as <b>decis\u00f5es certas<\/b> na hora de escolher como ser visto no Linkedin, Instagram ou em seu site \u00e9 fundamental. Elas\u00a0<b>aumentam suas chances<\/b> ao se posicionar no mercado e <b>conquistar autoridade<\/b> em seu meio de atua\u00e7\u00e3o.<\/p><p><span style=\"color: var( --e-global-color-text ); font-family: var( --e-global-typography-text-font-family ), Sans-serif; font-weight: var( --e-global-typography-text-font-weight );\">N\u00f3s consideramos <\/span><span style=\"color: var( --e-global-color-text ); font-family: var( --e-global-typography-text-font-family ), Sans-serif;\"><b>sua imagem o bem mais valioso <\/b><\/span><span style=\"color: var( --e-global-color-text ); font-family: var( --e-global-typography-text-font-family ), Sans-serif; font-weight: var( --e-global-typography-text-font-weight );\">de nosso est\u00fadio e queremos te ajudar a causar a impress\u00e3o certa em sua audi\u00eancia, antes mesmo de se apresentar.<\/span><\/p><p><b>Sua foto de perfil representa quem voc\u00ea \u00e9?<\/b><\/p>\t\t\t\t\t\t\t\t<\/div>\n\t\t\t\t<\/div>\n\t\t\t\t<div class=\"elementor-element elementor-element-ff737c3 elementor-align-center elementor-widget elementor-widget-button\" data-id=\"ff737c3\" data-element_type=\"widget\" data-widget_type=\"button.default\">\n\t\t\t\t<div class=\"elementor-widget-container\">\n\t\t\t\t\t\t\t\t\t<div class=\"elementor-button-wrapper\">\n\t\t\t\t\t<a class=\"elementor-button elementor-button-link elementor-size-sm\" href=\"https:\/\/api.whatsapp.com\/send?phone=5511982016891&#038;text=Desejo%20conversar%20sobre%20retratos%20profissionais.%20\">\n\t\t\t\t\t\t<span class=\"elementor-button-content-wrapper\">\n\t\t\t\t\t\t\t\t\t<span class=\"elementor-button-text\">Quero Melhorar minha imagem!<\/span>\n\t\t\t\t\t<\/span>\n\t\t\t\t\t<\/a>\n\t\t\t\t<\/div>\n\t\t\t\t\t\t\t\t<\/div>\n\t\t\t\t<\/div>\n\t\t\t\t\t<\/div>\n\t\t<\/div>\n\t\t\t\t\t<\/div>\n\t\t<\/section>\n\t\t\t\t<section class=\"elementor-section elementor-top-section elementor-element elementor-element-ea2ec3d elementor-section-stretched elementor-section-boxed elementor-section-height-default elementor-section-height-default\" data-id=\"ea2ec3d\" data-element_type=\"section\" data-settings=\"{&quot;stretch_section&quot;:&quot;section-stretched&quot;,&quot;background_background&quot;:&quot;classic&quot;}\">\n\t\t\t\t\t\t<div class=\"elementor-container elementor-column-gap-default\">\n\t\t\t\t\t<div class=\"elementor-column elementor-col-100 elementor-top-column elementor-element elementor-element-f2fdaa2\" data-id=\"f2fdaa2\" data-element_type=\"column\">\n\t\t\t<div class=\"elementor-widget-wrap elementor-element-populated\">\n\t\t\t\t\t\t<div class=\"elementor-element elementor-element-50b212f elementor-widget elementor-widget-spacer\" data-id=\"50b212f\" data-element_type=\"widget\" data-widget_type=\"spacer.default\">\n\t\t\t\t<div class=\"elementor-widget-container\">\n\t\t\t\t\t\t\t<div class=\"elementor-spacer\">\n\t\t\t<div class=\"elementor-spacer-inner\"><\/div>\n\t\t<\/div>\n\t\t\t\t\t\t<\/div>\n\t\t\t\t<\/div>\n\t\t\t\t<div class=\"elementor-element elementor-element-d168a0f elementor-widget elementor-widget-heading\" data-id=\"d168a0f\" data-element_type=\"widget\" data-widget_type=\"heading.default\">\n\t\t\t\t<div class=\"elementor-widget-container\">\n\t\t\t\t\t<h2 class=\"elementor-heading-title elementor-size-default\">A import\u00e2ncia do retrato corporativo<\/h2>\t\t\t\t<\/div>\n\t\t\t\t<\/div>\n\t\t\t\t<div class=\"elementor-element elementor-element-8d8f2bb elementor-widget elementor-widget-text-editor\" data-id=\"8d8f2bb\" data-element_type=\"widget\" data-widget_type=\"text-editor.default\">\n\t\t\t\t<div class=\"elementor-widget-container\">\n\t\t\t\t\t\t\t\t\t<p><span style=\"color: var( --e-global-color-text ); font-family: var( --e-global-typography-text-font-family ), Sans-serif; font-weight: var( --e-global-typography-text-font-weight );\">Temos pouco controle sobre o mundo que nos rodeia, mas podemos<\/span><span style=\"color: var( --e-global-color-text ); font-family: var( --e-global-typography-text-font-family ), Sans-serif;\"><b> <\/b>ter <b>100%<\/b><\/span><span style=\"color: var( --e-global-color-text ); font-family: var( --e-global-typography-text-font-family ), Sans-serif;\"><b> para escolher<\/b><\/span><span style=\"color: var( --e-global-color-text ); font-family: var( --e-global-typography-text-font-family ), Sans-serif; font-weight: var( --e-global-typography-text-font-weight );\"> como nossa imagem corporativa ser\u00e1 apresentada para nossos clientes.\u00a0<\/span><span style=\"color: var( --e-global-color-text ); font-family: var( --e-global-typography-text-font-family ), Sans-serif; font-weight: var( --e-global-typography-text-font-weight );\">Isso garante a <\/span><span style=\"color: var( --e-global-color-text ); font-family: var( --e-global-typography-text-font-family ), Sans-serif;\"><b>oportunidade<\/b><\/span><span style=\"color: var( --e-global-color-text ); font-family: var( --e-global-typography-text-font-family ), Sans-serif; font-weight: var( --e-global-typography-text-font-weight );\"> de alinharmos a <\/span><span style=\"color: var( --e-global-color-text ); font-family: var( --e-global-typography-text-font-family ), Sans-serif;\"><b>mensagem<\/b><\/span><span style=\"color: var( --e-global-color-text ); font-family: var( --e-global-typography-text-font-family ), Sans-serif; font-weight: var( --e-global-typography-text-font-weight );\"> que queremos passar de acordo com <\/span><span style=\"color: var( --e-global-color-text ); font-family: var( --e-global-typography-text-font-family ), Sans-serif;\"><b>nosso posicionamento<\/b><\/span><span style=\"color: var( --e-global-color-text ); font-family: var( --e-global-typography-text-font-family ), Sans-serif; font-weight: var( --e-global-typography-text-font-weight );\">.<\/span><\/p><p>Infelizmente nem todos os fot\u00f3grafos entendem que <b>o que importa \u00e9 a sua mensagem para seus clientes<\/b> e com isso pensam apenas em fotos bonitas, mas que n\u00e3o transmitem essa mensagem <b>de forma clara<\/b>.<\/p><p>O que eu identifico como <b>maior motiva\u00e7\u00e3o<\/b> para realiza\u00e7\u00e3o de <b>fotos profissionais<\/b> \u00e9 para <b>vender melhor<\/b> seus produtos ou servi\u00e7os, <b>se destacar<\/b> em meio a concorr\u00eancia e assim conseguir <b>novos neg\u00f3cios ou parceiros<\/b>, este \u00e9 o seu caso?<\/p><p>Pensando nisso criamos o lema de nosso est\u00fadio:\u00a0<span style=\"color: var( --e-global-color-text ); font-family: var( --e-global-typography-text-font-family ), Sans-serif;\"><b>Nossa especialidade \u00e9 te ajudar a encantar seus clientes.<\/b><\/span><\/p><p>E fazemos isso criando imagens que:<\/p><ul><li>Te ajude a vender mais pelas redes sociais<\/li><li>Mostrem Sua identidade e personalidade<\/li><li>Criem um forte posicionamento com sua marca pessoal<\/li><li>Ajude a te apresentar de forma profissional.<\/li><\/ul><p>Acredito que voc\u00ea tenha conhecimento de como uma foto profissional pode te ajudar a virar a chave de como as pessoas te , assim como seus produtos ou servi\u00e7os.<\/p>\t\t\t\t\t\t\t\t<\/div>\n\t\t\t\t<\/div>\n\t\t\t\t<div class=\"elementor-element elementor-element-98116d8 elementor-widget elementor-widget-animated-headline\" data-id=\"98116d8\" data-element_type=\"widget\" data-widget_type=\"animated-headline.default\">\n\t\t\t\t<div class=\"elementor-widget-container\">\n\t\t\t\t\t \t\t\t\t<\/div>\n\t\t\t\t<\/div>\n\t\t\t\t<div class=\"elementor-element elementor-element-9690d7e elementor-widget elementor-widget-spacer\" data-id=\"9690d7e\" data-element_type=\"widget\" data-widget_type=\"spacer.default\">\n\t\t\t\t<div class=\"elementor-widget-container\">\n\t\t\t\t\t\t\t<div class=\"elementor-spacer\">\n\t\t\t<div class=\"elementor-spacer-inner\"><\/div>\n\t\t<\/div>\n\t\t\t\t\t\t<\/div>\n\t\t\t\t<\/div>\n\t\t\t\t\t<\/div>\n\t\t<\/div>\n\t\t\t\t\t<\/div>\n\t\t<\/section>\n\t\t\t\t<section class=\"elementor-section elementor-top-section elementor-element elementor-element-d6dcf64 elementor-section-stretched elementor-section-boxed elementor-section-height-default elementor-section-height-default\" data-id=\"d6dcf64\" data-element_type=\"section\" data-settings=\"{&quot;stretch_section&quot;:&quot;section-stretched&quot;,&quot;background_background&quot;:&quot;classic&quot;,&quot;shape_divider_top&quot;:&quot;arrow&quot;}\">\n\t\t\t\t\t<div class=\"elementor-shape elementor-shape-top\" aria-hidden=\"true\" data-negative=\"false\">\n\t\t\t<svg xmlns=\"http:\/\/www.w3.org\/2000\/svg\" viewBox=\"0 0 700 10\" preserveAspectRatio=\"none\">\n\t<path class=\"elementor-shape-fill\" d=\"M350,10L340,0h20L350,10z\"\/>\n<\/svg>\t\t<\/div>\n\t\t\t\t\t<div class=\"elementor-container elementor-column-gap-default\">\n\t\t\t\t\t<div class=\"elementor-column elementor-col-50 elementor-top-column elementor-element elementor-element-d0c7e81\" data-id=\"d0c7e81\" data-element_type=\"column\">\n\t\t\t<div class=\"elementor-widget-wrap elementor-element-populated\">\n\t\t\t\t\t\t<div class=\"elementor-element elementor-element-a67b59c elementor-widget elementor-widget-spacer\" data-id=\"a67b59c\" data-element_type=\"widget\" data-widget_type=\"spacer.default\">\n\t\t\t\t<div class=\"elementor-widget-container\">\n\t\t\t\t\t\t\t<div class=\"elementor-spacer\">\n\t\t\t<div class=\"elementor-spacer-inner\"><\/div>\n\t\t<\/div>\n\t\t\t\t\t\t<\/div>\n\t\t\t\t<\/div>\n\t\t\t\t<div class=\"elementor-element elementor-element-bfff69d elementor-widget elementor-widget-spacer\" data-id=\"bfff69d\" data-element_type=\"widget\" data-widget_type=\"spacer.default\">\n\t\t\t\t<div class=\"elementor-widget-container\">\n\t\t\t\t\t\t\t<div class=\"elementor-spacer\">\n\t\t\t<div class=\"elementor-spacer-inner\"><\/div>\n\t\t<\/div>\n\t\t\t\t\t\t<\/div>\n\t\t\t\t<\/div>\n\t\t\t\t<div class=\"elementor-element elementor-element-18c5805 elementor-widget elementor-widget-heading\" data-id=\"18c5805\" data-element_type=\"widget\" data-widget_type=\"heading.default\">\n\t\t\t\t<div class=\"elementor-widget-container\">\n\t\t\t\t\t<h2 class=\"elementor-heading-title elementor-size-default\">Por qual motivo fazer fotos corporativas?<\/h2>\t\t\t\t<\/div>\n\t\t\t\t<\/div>\n\t\t\t\t<div class=\"elementor-element elementor-element-56ff09d elementor-widget elementor-widget-text-editor\" data-id=\"56ff09d\" data-element_type=\"widget\" data-widget_type=\"text-editor.default\">\n\t\t\t\t<div class=\"elementor-widget-container\">\n\t\t\t\t\t\t\t\t\t<p>Em um mundo em movimento e praticamente todo conectado, nossa imagem muitas vezes \u00e9 vista, sem mesmo termos a oportunidade de nos apresentar.<\/p>\n<p><span style=\"color: var( --e-global-color-text ); font-family: var( --e-global-typography-text-font-family ), Sans-serif; font-weight: var( --e-global-typography-text-font-weight );\">Quantas vezes ao receber uma mensagem de um contato em redes sociais ou de whatsApp de algu\u00e9m que n\u00e3o conhecemos n\u00f3s olhamos as fotos e o feed, antes de responder a mensagem? Eu poderia dizer que 99,9%, certo?<\/span><\/p>\n<p>Assim as pessoas tamb\u00e9m fazem conosco. Por isso \u00e9 importante lembrar que&nbsp;<i>&#8220;uma imagem vale mais do que mil palavras<\/i>&#8221; (Conf\u00facio) quando for produzir um retrato corporativo.<\/p>\n<p>Como voc\u00ea tem se mostrado nas redes? Sua imagem est\u00e1 alinhada com seu perfil profissional e com sua mensagem?&nbsp;<\/p>\n<p><span style=\"color: var( --e-global-color-text ); font-family: var( --e-global-typography-text-font-family ), Sans-serif; font-weight: var( --e-global-typography-text-font-weight );\">Fotos corporativas tem como finalidade:<\/span><\/p>\n<ul>\n<li><span style=\"color: var( --e-global-color-text ); font-family: var( --e-global-typography-text-font-family ), Sans-serif; font-weight: var( --e-global-typography-text-font-weight );\">Melhorar sua imagem nas redes sociais;<\/span><\/li>\n<li>Ajudar a atrair mais clientes com sua imagem consolidada;<\/li>\n<li>Mostrar sua personalidade e assim engajar as pessoas pela identifica\u00e7\u00e3o;<\/li>\n<li>Alinhar sua imagem com seu posicionamento;<\/li>\n<li>Garantir que seja visto como refer\u00eancia e assim poder mostrar melhor seus produtos e servi\u00e7os;<\/li><\/ul>\t\t\t\t\t\t\t\t<\/div>\n\t\t\t\t<\/div>\n\t\t\t\t\t<\/div>\n\t\t<\/div>\n\t\t\t\t<div class=\"elementor-column elementor-col-50 elementor-top-column elementor-element elementor-element-ba10945\" data-id=\"ba10945\" data-element_type=\"column\">\n\t\t\t<div class=\"elementor-widget-wrap elementor-element-populated\">\n\t\t\t\t\t\t<div class=\"elementor-element elementor-element-0dea7e4 elementor-widget elementor-widget-spacer\" data-id=\"0dea7e4\" data-element_type=\"widget\" data-widget_type=\"spacer.default\">\n\t\t\t\t<div class=\"elementor-widget-container\">\n\t\t\t\t\t\t\t<div class=\"elementor-spacer\">\n\t\t\t<div class=\"elementor-spacer-inner\"><\/div>\n\t\t<\/div>\n\t\t\t\t\t\t<\/div>\n\t\t\t\t<\/div>\n\t\t\t\t<div class=\"elementor-element elementor-element-8d5ea26 elementor-widget elementor-widget-image\" data-id=\"8d5ea26\" data-element_type=\"widget\" data-widget_type=\"image.default\">\n\t\t\t\t<div class=\"elementor-widget-container\">\n\t\t\t\t\t\t\t\t\t\t\t\t\t\t\t<img decoding=\"async\" width=\"800\" height=\"1200\" src=\"https:\/\/plfoto.com.br\/web\/wp-content\/uploads\/2021\/08\/20210611-TerezaSa-fotoPauloLima-_MG_0962-pb-909x1364.jpg\" class=\"attachment-large size-large wp-image-19157\" alt=\"\" srcset=\"https:\/\/plfoto.com.br\/web\/wp-content\/uploads\/2021\/08\/20210611-TerezaSa-fotoPauloLima-_MG_0962-pb-909x1364.jpg 909w, https:\/\/plfoto.com.br\/web\/wp-content\/uploads\/2021\/08\/20210611-TerezaSa-fotoPauloLima-_MG_0962-pb-355x533.jpg 355w, https:\/\/plfoto.com.br\/web\/wp-content\/uploads\/2021\/08\/20210611-TerezaSa-fotoPauloLima-_MG_0962-pb-768x1152.jpg 768w, https:\/\/plfoto.com.br\/web\/wp-content\/uploads\/2021\/08\/20210611-TerezaSa-fotoPauloLima-_MG_0962-pb-1024x1536.jpg 1024w, https:\/\/plfoto.com.br\/web\/wp-content\/uploads\/2021\/08\/20210611-TerezaSa-fotoPauloLima-_MG_0962-pb.jpg 1365w\" sizes=\"(max-width: 800px) 100vw, 800px\" \/>\t\t\t\t\t\t\t\t\t\t\t\t\t\t\t<\/div>\n\t\t\t\t<\/div>\n\t\t\t\t\t<\/div>\n\t\t<\/div>\n\t\t\t\t\t<\/div>\n\t\t<\/section>\n\t\t\t\t<section class=\"elementor-section elementor-top-section elementor-element elementor-element-d03132d elementor-section-boxed elementor-section-height-default elementor-section-height-default\" data-id=\"d03132d\" data-element_type=\"section\">\n\t\t\t\t\t\t<div class=\"elementor-container elementor-column-gap-default\">\n\t\t\t\t\t<div class=\"elementor-column elementor-col-100 elementor-top-column elementor-element elementor-element-f47e3e9\" data-id=\"f47e3e9\" data-element_type=\"column\">\n\t\t\t<div class=\"elementor-widget-wrap elementor-element-populated\">\n\t\t\t\t\t\t<div class=\"elementor-element elementor-element-3d8e266 elementor-widget-divider--view-line elementor-widget elementor-widget-divider\" data-id=\"3d8e266\" data-element_type=\"widget\" data-widget_type=\"divider.default\">\n\t\t\t\t<div class=\"elementor-widget-container\">\n\t\t\t\t\t\t\t<div class=\"elementor-divider\">\n\t\t\t<span class=\"elementor-divider-separator\">\n\t\t\t\t\t\t<\/span>\n\t\t<\/div>\n\t\t\t\t\t\t<\/div>\n\t\t\t\t<\/div>\n\t\t\t\t<div class=\"elementor-element elementor-element-3c688f3 elementor-widget elementor-widget-heading\" data-id=\"3c688f3\" data-element_type=\"widget\" data-widget_type=\"heading.default\">\n\t\t\t\t<div class=\"elementor-widget-container\">\n\t\t\t\t\t<h2 class=\"elementor-heading-title elementor-size-default\">Alguns clientes<\/h2>\t\t\t\t<\/div>\n\t\t\t\t<\/div>\n\t\t\t\t<div class=\"elementor-element elementor-element-93265bc elementor-widget elementor-widget-heading\" data-id=\"93265bc\" data-element_type=\"widget\" data-widget_type=\"heading.default\">\n\t\t\t\t<div class=\"elementor-widget-container\">\n\t\t\t\t\t<h2 class=\"elementor-heading-title elementor-size-default\">conhe\u00e7a nosso portf\u00f3lio<\/h2>\t\t\t\t<\/div>\n\t\t\t\t<\/div>\n\t\t\t\t<div class=\"elementor-element elementor-element-1e0d8f6 elementor-hidden-desktop elementor-hidden-tablet elementor-hidden-mobile elementor-widget elementor-widget-media-carousel\" data-id=\"1e0d8f6\" data-element_type=\"widget\" data-widget_type=\"media-carousel.default\">\n\t\t\t\t<div class=\"elementor-widget-container\">\n\t\t\t\t\t \t\t\t\t<\/div>\n\t\t\t\t<\/div>\n\t\t\t\t<div class=\"elementor-element elementor-element-341a130 elementor-hidden-tablet elementor-hidden-mobile elementor-widget elementor-widget-gallery\" data-id=\"341a130\" data-element_type=\"widget\" data-widget_type=\"gallery.default\">\n\t\t\t\t<div class=\"elementor-widget-container\">\n\t\t\t\t\t \t\t\t\t<\/div>\n\t\t\t\t<\/div>\n\t\t\t\t<div class=\"elementor-element elementor-element-6bdbddb elementor-hidden-desktop elementor-widget elementor-widget-gallery\" data-id=\"6bdbddb\" data-element_type=\"widget\" data-widget_type=\"gallery.default\">\n\t\t\t\t<div class=\"elementor-widget-container\">\n\t\t\t\t\t \t\t\t\t<\/div>\n\t\t\t\t<\/div>\n\t\t\t\t<div class=\"elementor-element elementor-element-ed5cfeb elementor-widget elementor-widget-spacer\" data-id=\"ed5cfeb\" data-element_type=\"widget\" data-widget_type=\"spacer.default\">\n\t\t\t\t<div class=\"elementor-widget-container\">\n\t\t\t\t\t\t\t<div class=\"elementor-spacer\">\n\t\t\t<div class=\"elementor-spacer-inner\"><\/div>\n\t\t<\/div>\n\t\t\t\t\t\t<\/div>\n\t\t\t\t<\/div>\n\t\t\t\t\t<\/div>\n\t\t<\/div>\n\t\t\t\t\t<\/div>\n\t\t<\/section>\n\t\t\t\t<section class=\"elementor-section elementor-top-section elementor-element elementor-element-ccf20b8 elementor-section-stretched elementor-section-boxed elementor-section-height-default elementor-section-height-default\" data-id=\"ccf20b8\" data-element_type=\"section\" data-settings=\"{&quot;stretch_section&quot;:&quot;section-stretched&quot;,&quot;background_background&quot;:&quot;classic&quot;,&quot;shape_divider_top&quot;:&quot;arrow&quot;,&quot;shape_divider_bottom&quot;:&quot;arrow&quot;,&quot;shape_divider_bottom_negative&quot;:&quot;yes&quot;}\">\n\t\t\t\t\t<div class=\"elementor-shape elementor-shape-top\" aria-hidden=\"true\" data-negative=\"false\">\n\t\t\t<svg xmlns=\"http:\/\/www.w3.org\/2000\/svg\" viewBox=\"0 0 700 10\" preserveAspectRatio=\"none\">\n\t<path class=\"elementor-shape-fill\" d=\"M350,10L340,0h20L350,10z\"\/>\n<\/svg>\t\t<\/div>\n\t\t\t\t<div class=\"elementor-shape elementor-shape-bottom\" aria-hidden=\"true\" data-negative=\"true\">\n\t\t\t<svg xmlns=\"http:\/\/www.w3.org\/2000\/svg\" viewBox=\"0 0 700 10\" preserveAspectRatio=\"none\">\n\t<path class=\"elementor-shape-fill\" d=\"M360 0L350 9.9 340 0 0 0 0 10 700 10 700 0\"\/>\n<\/svg>\t\t<\/div>\n\t\t\t\t\t<div class=\"elementor-container elementor-column-gap-default\">\n\t\t\t\t\t<div class=\"elementor-column elementor-col-33 elementor-top-column elementor-element elementor-element-71e439d elementor-hidden-tablet elementor-hidden-mobile\" data-id=\"71e439d\" data-element_type=\"column\">\n\t\t\t<div class=\"elementor-widget-wrap\">\n\t\t\t\t\t\t\t<\/div>\n\t\t<\/div>\n\t\t\t\t<div class=\"elementor-column elementor-col-33 elementor-top-column elementor-element elementor-element-558db34\" data-id=\"558db34\" data-element_type=\"column\">\n\t\t\t<div class=\"elementor-widget-wrap elementor-element-populated\">\n\t\t\t\t\t\t<div class=\"elementor-element elementor-element-1c00510 elementor-widget elementor-widget-spacer\" data-id=\"1c00510\" data-element_type=\"widget\" data-widget_type=\"spacer.default\">\n\t\t\t\t<div class=\"elementor-widget-container\">\n\t\t\t\t\t\t\t<div class=\"elementor-spacer\">\n\t\t\t<div class=\"elementor-spacer-inner\"><\/div>\n\t\t<\/div>\n\t\t\t\t\t\t<\/div>\n\t\t\t\t<\/div>\n\t\t\t\t<div class=\"elementor-element elementor-element-89a5638 elementor-widget elementor-widget-heading\" data-id=\"89a5638\" data-element_type=\"widget\" data-widget_type=\"heading.default\">\n\t\t\t\t<div class=\"elementor-widget-container\">\n\t\t\t\t\t<h3 class=\"elementor-heading-title elementor-size-default\">Retrato corporrativo ou retrato profissional<\/h3>\t\t\t\t<\/div>\n\t\t\t\t<\/div>\n\t\t\t\t<div class=\"elementor-element elementor-element-bee24dd elementor-widget elementor-widget-heading\" data-id=\"bee24dd\" data-element_type=\"widget\" data-widget_type=\"heading.default\">\n\t\t\t\t<div class=\"elementor-widget-container\">\n\t\t\t\t\t<h2 class=\"elementor-heading-title elementor-size-default\">Como funciona?<\/h2>\t\t\t\t<\/div>\n\t\t\t\t<\/div>\n\t\t\t\t<div class=\"elementor-element elementor-element-e90ecaf elementor-widget elementor-widget-text-editor\" data-id=\"e90ecaf\" data-element_type=\"widget\" data-widget_type=\"text-editor.default\">\n\t\t\t\t<div class=\"elementor-widget-container\">\n\t\t\t\t\t\t\t\t\t<p>\u00c9 muito comum as pessoas que nunca fizeram fotos ficarem com algumas d\u00favidas sobre como funciona. Posso garantir que \u00e9 mais simples do que imagina. N\u00f3s iremos pensar nas poses, alinhar as agendas e com isso realizar as fotos sem comprometer sua agenda de trabalho.<\/p><p>As fotografias s\u00e3o feitas de acordo com o seu objetivo e n\u00f3s vamos realizar um ensaio de forma muito natural, at\u00e9 mesmo para quem nunca fotografou.<\/p><p>Os ensaios acontecem aqui no Est\u00fadio que fica na Regi\u00e3o da Sa\u00fade em SP e sempre come\u00e7aremos com uma conversa sobre os objetivos e planos para o uso das imagens e assim juntos vamos criar essa imagem.<\/p><h5><span style=\"color: #808080;\">Quais s\u00e3o os passos a seguir:<\/span><\/h5><ol><li>Voc\u00ea escolhe qual pacote melhor atende a sua necessidade;<\/li><li>Dep\u00f3sito de 50% para Reservar da data;<\/li><li>Conversaremos sobre as principais refer\u00eancias e alinhamento de objetivos;<\/li><li>Fecharemos os detalhes de todo o processo (Sele\u00e7\u00e3o e envio das imagens, o que trazer, prepara\u00e7\u00e3o para o ensaio, etc);<\/li><li>Realizaremos o ensaio;<\/li><li>Pagamento do restante e a entrega das imagens finalizadas.<\/li><\/ol><p>Logo ap\u00f3s o ensaio voc\u00ea ir\u00e1 receber um e-mail com todas as fotos para selecionar as que mais gostou, depois elas receber\u00e3o p\u00f3s processamento e finaliza\u00e7\u00e3o profissional.<\/p><p>Voc\u00ea pode escolher fotos extras para comprar e adicionar ao seu pacote, se desejar.<\/p>\t\t\t\t\t\t\t\t<\/div>\n\t\t\t\t<\/div>\n\t\t\t\t<div class=\"elementor-element elementor-element-7836663 elementor-widget elementor-widget-heading\" data-id=\"7836663\" data-element_type=\"widget\" data-widget_type=\"heading.default\">\n\t\t\t\t<div class=\"elementor-widget-container\">\n\t\t\t\t\t<h2 class=\"elementor-heading-title elementor-size-default\">Agora \u00e9 s\u00f3 escolher o pacote que te atender\u00e1 melhor para continuarmos essa conversa.<\/h2>\t\t\t\t<\/div>\n\t\t\t\t<\/div>\n\t\t\t\t<div class=\"elementor-element elementor-element-055ecf5 elementor-widget elementor-widget-spacer\" data-id=\"055ecf5\" data-element_type=\"widget\" data-widget_type=\"spacer.default\">\n\t\t\t\t<div class=\"elementor-widget-container\">\n\t\t\t\t\t\t\t<div class=\"elementor-spacer\">\n\t\t\t<div class=\"elementor-spacer-inner\"><\/div>\n\t\t<\/div>\n\t\t\t\t\t\t<\/div>\n\t\t\t\t<\/div>\n\t\t\t\t\t<\/div>\n\t\t<\/div>\n\t\t\t\t<div class=\"elementor-column elementor-col-33 elementor-top-column elementor-element elementor-element-5e5f206 elementor-hidden-tablet elementor-hidden-mobile\" data-id=\"5e5f206\" data-element_type=\"column\">\n\t\t\t<div class=\"elementor-widget-wrap\">\n\t\t\t\t\t\t\t<\/div>\n\t\t<\/div>\n\t\t\t\t\t<\/div>\n\t\t<\/section>\n\t\t\t\t<section class=\"elementor-section elementor-top-section elementor-element elementor-element-c2a7ddf elementor-section-boxed elementor-section-height-default elementor-section-height-default\" data-id=\"c2a7ddf\" data-element_type=\"section\">\n\t\t\t\t\t\t<div class=\"elementor-container elementor-column-gap-default\">\n\t\t\t\t\t<div class=\"elementor-column elementor-col-25 elementor-top-column elementor-element elementor-element-e03bc64\" data-id=\"e03bc64\" data-element_type=\"column\">\n\t\t\t<div class=\"elementor-widget-wrap elementor-element-populated\">\n\t\t\t\t\t\t<div class=\"elementor-element elementor-element-890ff49 elementor-widget elementor-widget-price-table\" data-id=\"890ff49\" data-element_type=\"widget\" data-widget_type=\"price-table.default\">\n\t\t\t\t<div class=\"elementor-widget-container\">\n\t\t\t\t\t \t\t\t\t<\/div>\n\t\t\t\t<\/div>\n\t\t\t\t\t<\/div>\n\t\t<\/div>\n\t\t\t\t<div class=\"elementor-column elementor-col-25 elementor-top-column elementor-element elementor-element-c67d8ea\" data-id=\"c67d8ea\" data-element_type=\"column\">\n\t\t\t<div class=\"elementor-widget-wrap elementor-element-populated\">\n\t\t\t\t\t\t<div class=\"elementor-element elementor-element-fa4c94d elementor-widget elementor-widget-price-table\" data-id=\"fa4c94d\" data-element_type=\"widget\" data-widget_type=\"price-table.default\">\n\t\t\t\t<div class=\"elementor-widget-container\">\n\t\t\t\t\t \t\t\t\t<\/div>\n\t\t\t\t<\/div>\n\t\t\t\t\t<\/div>\n\t\t<\/div>\n\t\t\t\t<div class=\"elementor-column elementor-col-25 elementor-top-column elementor-element elementor-element-2c932cf\" data-id=\"2c932cf\" data-element_type=\"column\">\n\t\t\t<div class=\"elementor-widget-wrap elementor-element-populated\">\n\t\t\t\t\t\t<div class=\"elementor-element elementor-element-7b5f79d elementor-widget elementor-widget-price-table\" data-id=\"7b5f79d\" data-element_type=\"widget\" data-widget_type=\"price-table.default\">\n\t\t\t\t<div class=\"elementor-widget-container\">\n\t\t\t\t\t \t\t\t\t<\/div>\n\t\t\t\t<\/div>\n\t\t\t\t\t<\/div>\n\t\t<\/div>\n\t\t\t\t<div class=\"elementor-column elementor-col-25 elementor-top-column elementor-element elementor-element-af8db02\" data-id=\"af8db02\" data-element_type=\"column\">\n\t\t\t<div class=\"elementor-widget-wrap elementor-element-populated\">\n\t\t\t\t\t\t<div class=\"elementor-element elementor-element-9087ae2 elementor-widget elementor-widget-price-table\" data-id=\"9087ae2\" data-element_type=\"widget\" data-widget_type=\"price-table.default\">\n\t\t\t\t<div class=\"elementor-widget-container\">\n\t\t\t\t\t \t\t\t\t<\/div>\n\t\t\t\t<\/div>\n\t\t\t\t\t<\/div>\n\t\t<\/div>\n\t\t\t\t\t<\/div>\n\t\t<\/section>\n\t\t\t\t<section class=\"elementor-section elementor-top-section elementor-element elementor-element-16e3f7b elementor-section-boxed elementor-section-height-default elementor-section-height-default\" data-id=\"16e3f7b\" data-element_type=\"section\">\n\t\t\t\t\t\t<div class=\"elementor-container elementor-column-gap-default\">\n\t\t\t\t\t<div class=\"elementor-column elementor-col-100 elementor-top-column elementor-element elementor-element-872afed\" data-id=\"872afed\" data-element_type=\"column\">\n\t\t\t<div class=\"elementor-widget-wrap elementor-element-populated\">\n\t\t\t\t\t\t<div class=\"elementor-element elementor-element-fb3d47d elementor-widget elementor-widget-text-editor\" data-id=\"fb3d47d\" data-element_type=\"widget\" data-widget_type=\"text-editor.default\">\n\t\t\t\t<div class=\"elementor-widget-container\">\n\t\t\t\t\t\t\t\t\t<p>Em todos os pacotes pode ser inclu\u00eddos os profissionais de\u00a0<span style=\"color: var( --e-global-color-text ); font-family: var( --e-global-typography-text-font-family ), Sans-serif; font-weight: var( --e-global-typography-text-font-weight );\">Maquiagem e\u00a0<\/span><span style=\"color: var( --e-global-color-text ); font-family: var( --e-global-typography-text-font-family ), Sans-serif; font-weight: var( --e-global-typography-text-font-weight );\">Personal Stylist\/Produ\u00e7\u00e3o de moda.\u00a0<\/span><span style=\"color: var( --e-global-color-text ); font-family: var( --e-global-typography-text-font-family ), Sans-serif; font-weight: var( --e-global-typography-text-font-weight );\">Valores para esse servi\u00e7o n\u00e3o est\u00e1 incluso nos pacotes, podendo ser consultado no momento do fechamento.<\/span><\/p><p>Para fotos fora do est\u00fadio temos um adicional de R$250,00 &#8211; V\u00e1lido somente na cidade de S\u00e3o Paulo, para outras localidades consultar o valor.<\/p>\t\t\t\t\t\t\t\t<\/div>\n\t\t\t\t<\/div>\n\t\t\t\t\t<\/div>\n\t\t<\/div>\n\t\t\t\t\t<\/div>\n\t\t<\/section>\n\t\t\t\t<section class=\"elementor-section elementor-top-section elementor-element elementor-element-34894dc elementor-section-stretched elementor-section-boxed elementor-section-height-default elementor-section-height-default\" data-id=\"34894dc\" data-element_type=\"section\" data-settings=\"{&quot;stretch_section&quot;:&quot;section-stretched&quot;,&quot;background_background&quot;:&quot;classic&quot;,&quot;shape_divider_bottom&quot;:&quot;arrow&quot;,&quot;shape_divider_top&quot;:&quot;arrow&quot;}\">\n\t\t\t\t\t<div class=\"elementor-shape elementor-shape-top\" aria-hidden=\"true\" data-negative=\"false\">\n\t\t\t<svg xmlns=\"http:\/\/www.w3.org\/2000\/svg\" viewBox=\"0 0 700 10\" preserveAspectRatio=\"none\">\n\t<path class=\"elementor-shape-fill\" d=\"M350,10L340,0h20L350,10z\"\/>\n<\/svg>\t\t<\/div>\n\t\t\t\t<div class=\"elementor-shape elementor-shape-bottom\" aria-hidden=\"true\" data-negative=\"false\">\n\t\t\t<svg xmlns=\"http:\/\/www.w3.org\/2000\/svg\" viewBox=\"0 0 700 10\" preserveAspectRatio=\"none\">\n\t<path class=\"elementor-shape-fill\" d=\"M350,10L340,0h20L350,10z\"\/>\n<\/svg>\t\t<\/div>\n\t\t\t\t\t<div class=\"elementor-container elementor-column-gap-default\">\n\t\t\t\t\t<div class=\"elementor-column elementor-col-100 elementor-top-column elementor-element elementor-element-8f85f36\" data-id=\"8f85f36\" data-element_type=\"column\">\n\t\t\t<div class=\"elementor-widget-wrap elementor-element-populated\">\n\t\t\t\t\t\t<div class=\"elementor-element elementor-element-bef34c0 elementor-widget elementor-widget-heading\" data-id=\"bef34c0\" data-element_type=\"widget\" data-widget_type=\"heading.default\">\n\t\t\t\t<div class=\"elementor-widget-container\">\n\t\t\t\t\t<h2 class=\"elementor-heading-title elementor-size-default\">Nossos <strong>Clientes<\/strong> nos <strong>avaliaram<\/strong> no Google<\/h2>\t\t\t\t<\/div>\n\t\t\t\t<\/div>\n\t\t\t\t<div class=\"elementor-element elementor-element-f0298d8 elementor-widget elementor-widget-shortcode\" data-id=\"f0298d8\" data-element_type=\"widget\" data-widget_type=\"shortcode.default\">\n\t\t\t\t<div class=\"elementor-widget-container\">\n\t\t\t\t\t\t\t<div class=\"elementor-shortcode\"><style>#wprev-slider-1 .wprev_preview_bradius_T1 {border-radius: 0px;}#wprev-slider-1 .wprev_preview_bg1_T1::after{ border-top: 30px solid ; }<\/style><style><\/style><div class=\"wprev-slider revnotsameheight\" id=\"wprev-slider-1\" data-revsameheight=\"no\" data-onemobil=\"\" data-sliderautoplay=\"\"  data-slidespeed=\"\" data-slideautodelay=\"\" data-sliderhideprevnext=\"\" data-sliderhidedots=\"\" data-sliderfixedheight=\"\"><ul><li>\t\t<div class=\"wprevpro_t1_outer_div w3_wprs-row-padding\">\r\n\t\t\t\t<div class=\"wprevpro_t1_DIV_1 w3_wprs-col l3\">\r\n\t\t\t<div class=\"indrevdiv wprevpro_t1_DIV_2 wprev_preview_bg1_T1 wprev_preview_tcolor1_T1 wprev_preview_bradius_T1\">\r\n\t\t\t\t<p class=\"wprevpro_t1_P_3 wprev_preview_tcolor1_T1\">\r\n\t\t\t\t\t<span class=\"wprevpro_star_imgs_T1\"><span class=\"starloc1 wprevpro_star_imgs wprevpro_star_imgsloc1\"><span class=\"svgicons svg-wprsp-star\"><\/span><span class=\"svgicons svg-wprsp-star\"><\/span><span class=\"svgicons svg-wprsp-star\"><\/span><span class=\"svgicons svg-wprsp-star\"><\/span><span class=\"svgicons svg-wprsp-star\"><\/span><\/span><\/span>Eu amei a maneira como o ensaio fotogr\u00e1fico foi conduzido. Entrei com medo, porque n\u00e3o sou muito familiarizada com essa arte de modelar, mas sa\u00ed super satisfeita com o resultado. Acho que vou seguir carreira. Gisele, por que choras?\t\t\t\t<\/p>\r\n\t\t\t\t\t\t\t\t\t\t\t<\/div><span class=\"wprevpro_t1_A_8\"><img decoding=\"async\" src=\"https:\/\/lh3.googleusercontent.com\/a-\/AOh14GjUwPaXTk4UzJYJKkSuwdU-nBRLBWBe8SHtHljy4g=s128-c0x00000000-cc-rp-mo?sz=100\" alt=\"Ivy Candace Avatar\" class=\"wprevpro_t1_IMG_4\" loading=\"lazy\" \/><\/span> <span class=\"wprevpro_t1_SPAN_5 wprev_preview_tcolor2_T1\">Ivy Candace<br\/><span class=\"wprev_showdate_T1\">30 de dezembro de 2021<\/span> <\/span>\r\n\t\t<\/div>\r\n\t\t\t<div class=\"wprevpro_t1_DIV_1 w3_wprs-col l3\">\r\n\t\t\t<div class=\"indrevdiv wprevpro_t1_DIV_2 wprev_preview_bg1_T1 wprev_preview_tcolor1_T1 wprev_preview_bradius_T1\">\r\n\t\t\t\t<p class=\"wprevpro_t1_P_3 wprev_preview_tcolor1_T1\">\r\n\t\t\t\t\t<span class=\"wprevpro_star_imgs_T1\"><span class=\"starloc1 wprevpro_star_imgs wprevpro_star_imgsloc1\"><span class=\"svgicons svg-wprsp-star\"><\/span><span class=\"svgicons svg-wprsp-star\"><\/span><span class=\"svgicons svg-wprsp-star\"><\/span><span class=\"svgicons svg-wprsp-star\"><\/span><span class=\"svgicons svg-wprsp-star\"><\/span><\/span><\/span>F\u00e1cil acesso, espa\u00e7o bacana e confort\u00e1vel. Equipe maravilhosa e profissional, e o mais importante, \u00f3timo trabalho!\nSuper recomendo!\t\t\t\t<\/p>\r\n\t\t\t\t\t\t\t\t\t\t\t<\/div><span class=\"wprevpro_t1_A_8\"><img decoding=\"async\" src=\"https:\/\/lh3.ggpht.com\/-2Yf8pvI1gVY\/AAAAAAAAAAI\/AAAAAAAAAAA\/JeX3cEHE-y4\/s128-c0x00000000-cc-rp-mo\/photo.jpg?sz=100\" alt=\"Nicole Queiroz Avatar\" class=\"wprevpro_t1_IMG_4\" loading=\"lazy\" \/><\/span> <span class=\"wprevpro_t1_SPAN_5 wprev_preview_tcolor2_T1\">Nicole Queiroz<br\/><span class=\"wprev_showdate_T1\">24 de setembro de 2019<\/span> <\/span>\r\n\t\t<\/div>\r\n\t\t\t<div class=\"wprevpro_t1_DIV_1 w3_wprs-col l3\">\r\n\t\t\t<div class=\"indrevdiv wprevpro_t1_DIV_2 wprev_preview_bg1_T1 wprev_preview_tcolor1_T1 wprev_preview_bradius_T1\">\r\n\t\t\t\t<p class=\"wprevpro_t1_P_3 wprev_preview_tcolor1_T1\">\r\n\t\t\t\t\t<span class=\"wprevpro_star_imgs_T1\"><span class=\"starloc1 wprevpro_star_imgs wprevpro_star_imgsloc1\"><span class=\"svgicons svg-wprsp-star\"><\/span><span class=\"svgicons svg-wprsp-star\"><\/span><span class=\"svgicons svg-wprsp-star\"><\/span><span class=\"svgicons svg-wprsp-star\"><\/span><span class=\"svgicons svg-wprsp-star\"><\/span><\/span><\/span>\u00d3timo est\u00fadio, profissional impec\u00e1vel, recomendo!\t\t\t\t<\/p>\r\n\t\t\t\t\t\t\t\t\t\t\t<\/div><span class=\"wprevpro_t1_A_8\"><img decoding=\"async\" src=\"https:\/\/lh3.googleusercontent.com\/a-\/AD_cMMRdsdEUKln9b9bb8xcUgX9srBB1qpYkF4zTomQHzS8c6Q=s120-c-rp-mo-br100\" alt=\"Reflexos de um Fot\u00f3grafo Avatar\" class=\"wprevpro_t1_IMG_4\" loading=\"lazy\" \/><\/span> <span class=\"wprevpro_t1_SPAN_5 wprev_preview_tcolor2_T1\">Reflexos de um Fot\u00f3grafo<br\/><span class=\"wprev_showdate_T1\">14 de agosto de 2022<\/span> <\/span>\r\n\t\t<\/div>\r\n\t\t\t<div class=\"wprevpro_t1_DIV_1 w3_wprs-col l3\">\r\n\t\t\t<div class=\"indrevdiv wprevpro_t1_DIV_2 wprev_preview_bg1_T1 wprev_preview_tcolor1_T1 wprev_preview_bradius_T1\">\r\n\t\t\t\t<p class=\"wprevpro_t1_P_3 wprev_preview_tcolor1_T1\">\r\n\t\t\t\t\t<span class=\"wprevpro_star_imgs_T1\"><span class=\"starloc1 wprevpro_star_imgs wprevpro_star_imgsloc1\"><span class=\"svgicons svg-wprsp-star\"><\/span><span class=\"svgicons svg-wprsp-star\"><\/span><span class=\"svgicons svg-wprsp-star\"><\/span><span class=\"svgicons svg-wprsp-star\"><\/span><span class=\"svgicons svg-wprsp-star\"><\/span><\/span><\/span>O Paulo e a Gabriela s\u00e3o extremamente atenciosos e profissionais de alto n\u00edvel. Super recomendo!\t\t\t\t<\/p>\r\n\t\t\t\t\t\t\t\t\t\t\t<\/div><span class=\"wprevpro_t1_A_8\"><img decoding=\"async\" src=\"https:\/\/lh3.googleusercontent.com\/a\/AAcHTtdzP6J9132HM-HGIl1-k4K3ftixmM6XDnVu4bB28bwN=s120-c-rp-mo-br100\" alt=\"Mariana Luiz Carrara Avatar\" class=\"wprevpro_t1_IMG_4\" loading=\"lazy\" \/><\/span> <span class=\"wprevpro_t1_SPAN_5 wprev_preview_tcolor2_T1\">Mariana Luiz Carrara<br\/><span class=\"wprev_showdate_T1\">14 de agosto de 2020<\/span> <\/span>\r\n\t\t<\/div>\r\n\t\t<\/div>\r\n<\/li><li class=\"wprevnextslide\">\t\t<div class=\"wprevpro_t1_outer_div w3_wprs-row-padding\">\r\n\t\t\t\t<div class=\"wprevpro_t1_DIV_1 w3_wprs-col l3\">\r\n\t\t\t<div class=\"indrevdiv wprevpro_t1_DIV_2 wprev_preview_bg1_T1 wprev_preview_tcolor1_T1 wprev_preview_bradius_T1\">\r\n\t\t\t\t<p class=\"wprevpro_t1_P_3 wprev_preview_tcolor1_T1\">\r\n\t\t\t\t\t<span class=\"wprevpro_star_imgs_T1\"><span class=\"starloc1 wprevpro_star_imgs wprevpro_star_imgsloc1\"><span class=\"svgicons svg-wprsp-star\"><\/span><span class=\"svgicons svg-wprsp-star\"><\/span><span class=\"svgicons svg-wprsp-star\"><\/span><span class=\"svgicons svg-wprsp-star\"><\/span><span class=\"svgicons svg-wprsp-star\"><\/span><\/span><\/span>Fiz um WorkShop sobre ilumina\u00e7\u00e3o de est\u00fadio com o Paulo, e posso dizer com toda certeza que foi minha melhor experi\u00eancia sobre cursos na \u00e1rea, a clareza com que foi explicado, a forma como foi ensinado, a pr\u00e1tica, a did\u00e1tica simples eficiente, sendo uma maneira mais f\u00e1cil de entrar na cabe\u00e7a! O Paulo com certeza \u00e9 um mestre nas luzes e n\u00e3o canso de dizer, super recomendo o est\u00fadio, os cursos e sempre que puder vou me atualizando com ele nos workshop \ud83d\ude0a! Foi um prazer imenso aprender tanto com ele! O Paulo \u00e9 um mega profissional, dedicado, focado, engra\u00e7ado, atencioso, alegre e com muita garra! Quando for fechar algo com ele, nao pense duas vezes, pode fechar de olhos fechados!\t\t\t\t<\/p>\r\n\t\t\t\t\t\t\t\t\t\t\t<\/div><span class=\"wprevpro_t1_A_8\"><img decoding=\"async\" src=\"https:\/\/lh3.googleusercontent.com\/a\/AATXAJyEBsDdfkRxhcZdB-hjWlnF6RIttd5CCud8pw0-=s128-c0x00000000-cc-rp-mo?sz=100\" alt=\"Ta Soares Avatar\" class=\"wprevpro_t1_IMG_4\" loading=\"lazy\" \/><\/span> <span class=\"wprevpro_t1_SPAN_5 wprev_preview_tcolor2_T1\">Ta Soares<br\/><span class=\"wprev_showdate_T1\">15 de dezembro de 2021<\/span> <\/span>\r\n\t\t<\/div>\r\n\t\t\t<div class=\"wprevpro_t1_DIV_1 w3_wprs-col l3\">\r\n\t\t\t<div class=\"indrevdiv wprevpro_t1_DIV_2 wprev_preview_bg1_T1 wprev_preview_tcolor1_T1 wprev_preview_bradius_T1\">\r\n\t\t\t\t<p class=\"wprevpro_t1_P_3 wprev_preview_tcolor1_T1\">\r\n\t\t\t\t\t<span class=\"wprevpro_star_imgs_T1\"><span class=\"starloc1 wprevpro_star_imgs wprevpro_star_imgsloc1\"><span class=\"svgicons svg-wprsp-star\"><\/span><span class=\"svgicons svg-wprsp-star\"><\/span><span class=\"svgicons svg-wprsp-star\"><\/span><span class=\"svgicons svg-wprsp-star\"><\/span><span class=\"svgicons svg-wprsp-star\"><\/span><\/span><\/span>Fui muito bem atendida.\nO Paulo \u00e9 exatamente profissional, me senti super confort\u00e1vel e adorei o resultado das fotos!\t\t\t\t<\/p>\r\n\t\t\t\t\t\t\t\t\t\t\t<\/div><span class=\"wprevpro_t1_A_8\"><img decoding=\"async\" src=\"https:\/\/plfoto.com.br\/web\/wp-content\/uploads\/2023\/08\/20220704-EmiliaMiguel-fotoPauloLima-_MG_4011-150x150.jpg\" alt=\"Emilia Miguel Avatar\" class=\"wprevpro_t1_IMG_4\" loading=\"lazy\" \/><\/span> <span class=\"wprevpro_t1_SPAN_5 wprev_preview_tcolor2_T1\">Emilia Miguel<br\/><span class=\"wprev_showdate_T1\">11 de julho de 2022<\/span> <\/span>\r\n\t\t<\/div>\r\n\t\t\t<div class=\"wprevpro_t1_DIV_1 w3_wprs-col l3\">\r\n\t\t\t<div class=\"indrevdiv wprevpro_t1_DIV_2 wprev_preview_bg1_T1 wprev_preview_tcolor1_T1 wprev_preview_bradius_T1\">\r\n\t\t\t\t<p class=\"wprevpro_t1_P_3 wprev_preview_tcolor1_T1\">\r\n\t\t\t\t\t<span class=\"wprevpro_star_imgs_T1\"><span class=\"starloc1 wprevpro_star_imgs wprevpro_star_imgsloc1\"><span class=\"svgicons svg-wprsp-star\"><\/span><span class=\"svgicons svg-wprsp-star\"><\/span><span class=\"svgicons svg-wprsp-star\"><\/span><span class=\"svgicons svg-wprsp-star\"><\/span><span class=\"svgicons svg-wprsp-star\"><\/span><\/span><\/span>Aten\u00e7\u00e3o, Qualidade e Compet\u00eancia!!\t\t\t\t<\/p>\r\n\t\t\t\t\t\t\t\t\t\t\t<\/div><span class=\"wprevpro_t1_A_8\"><img decoding=\"async\" src=\"https:\/\/lh3.googleusercontent.com\/a-\/AD_cMMSbNpvmqBEZ3g4y6TCWoq0drU1qwvMsHJpnhWnr_r5eOl4=s120-c-rp-mo-ba3-br100\" alt=\"Ana Cristina Limongi-Fran\u00e7a Avatar\" class=\"wprevpro_t1_IMG_4\" loading=\"lazy\" \/><\/span> <span class=\"wprevpro_t1_SPAN_5 wprev_preview_tcolor2_T1\">Ana Cristina Limongi-Fran\u00e7a<br\/><span class=\"wprev_showdate_T1\">14 de junho de 2023<\/span> <\/span>\r\n\t\t<\/div>\r\n\t\t\t<div class=\"wprevpro_t1_DIV_1 w3_wprs-col l3\">\r\n\t\t\t<div class=\"indrevdiv wprevpro_t1_DIV_2 wprev_preview_bg1_T1 wprev_preview_tcolor1_T1 wprev_preview_bradius_T1\">\r\n\t\t\t\t<p class=\"wprevpro_t1_P_3 wprev_preview_tcolor1_T1\">\r\n\t\t\t\t\t<span class=\"wprevpro_star_imgs_T1\"><span class=\"starloc1 wprevpro_star_imgs wprevpro_star_imgsloc1\"><span class=\"svgicons svg-wprsp-star\"><\/span><span class=\"svgicons svg-wprsp-star\"><\/span><span class=\"svgicons svg-wprsp-star\"><\/span><span class=\"svgicons svg-wprsp-star\"><\/span><span class=\"svgicons svg-wprsp-star\"><\/span><\/span><\/span>Excepcional. O est\u00fadio \u00e9 de f\u00e1cil acesso, localizado em um pr\u00e9dio com estacionamento pr\u00f3prio na Avenida Jabaquara. A comunica\u00e7\u00e3o via WhatsApp \u00e9 flu\u00edda, r\u00e1pida e objetiva, deixando claro todos os formatos de contrata\u00e7\u00e3o e o modelo de trabalho. A agenda \u00e9 flex\u00edvel e se adapta \u00e0 necessidade do cliente, mesmo em hor\u00e1rios extra comercial. Paulo \u00e9 um profissional excelente, muito habilidoso tecnicamente e tremendamente agrad\u00e1vel, tirando o \"peso\" de uma sess\u00e3o fotogr\u00e1fica para algu\u00e9m que n\u00e3o se sente confort\u00e1vel neste tipo de situa\u00e7\u00e3o. A rela\u00e7\u00e3o de objetos cenogr\u00e1ficos \u00e9 enxuta e assertiva, proporcionando as condi\u00e7\u00f5es ideais para obter o resultado almejado. As entregas s\u00e3o de alt\u00edssima qualidade, preparadas no detalhe e com a disposi\u00e7\u00e3o costumeira, fazendo com que ajustes sejam facilmente efetivados. Recomendo o Est\u00fadio Arau\u00e1 de olhos fechados.\t\t\t\t<\/p>\r\n\t\t\t\t\t\t\t\t\t\t\t<\/div><span class=\"wprevpro_t1_A_8\"><img decoding=\"async\" src=\"https:\/\/plfoto.com.br\/web\/wp-content\/uploads\/2023\/08\/20230711-LeonardoPavan-FotoPauloLima-PLF6768-150x150.jpg\" alt=\"Leonardo Pavan Avatar\" class=\"wprevpro_t1_IMG_4\" loading=\"lazy\" \/><\/span> <span class=\"wprevpro_t1_SPAN_5 wprev_preview_tcolor2_T1\">Leonardo Pavan<br\/><span class=\"wprev_showdate_T1\">17 de julho de 2023<\/span> <\/span>\r\n\t\t<\/div>\r\n\t\t<\/div>\r\n<\/li><li class=\"wprevnextslide\">\t\t<div class=\"wprevpro_t1_outer_div w3_wprs-row-padding\">\r\n\t\t\t\t<div class=\"wprevpro_t1_DIV_1 w3_wprs-col l3\">\r\n\t\t\t<div class=\"indrevdiv wprevpro_t1_DIV_2 wprev_preview_bg1_T1 wprev_preview_tcolor1_T1 wprev_preview_bradius_T1\">\r\n\t\t\t\t<p class=\"wprevpro_t1_P_3 wprev_preview_tcolor1_T1\">\r\n\t\t\t\t\t<span class=\"wprevpro_star_imgs_T1\"><span class=\"starloc1 wprevpro_star_imgs wprevpro_star_imgsloc1\"><span class=\"svgicons svg-wprsp-star\"><\/span><span class=\"svgicons svg-wprsp-star\"><\/span><span class=\"svgicons svg-wprsp-star\"><\/span><span class=\"svgicons svg-wprsp-star\"><\/span><span class=\"svgicons svg-wprsp-star\"><\/span><\/span><\/span>Um lugar lindo, cheio de luz, bonita energ\u00eda, limpo,\ne com uma magia contagiante. Adorei trabalhar com o Paulo, professional, entendedor, paciente e super talentoso!!! Obrigada por ser tao Magico.. adorei trabalhar com voce \ud83d\udcf8 Por mais fotos assim !!!\t\t\t\t<\/p>\r\n\t\t\t\t\t\t\t\t\t\t\t<\/div><span class=\"wprevpro_t1_A_8\"><img decoding=\"async\" src=\"https:\/\/lh3.googleusercontent.com\/a-\/AOh14GhCWo2vRvt56j7mQQ0CceT6I7jM6Tdfe2AL-jZ1Lw=s128-c0x00000000-cc-rp-mo?sz=100\" alt=\"Carolla Parmejano Avatar\" class=\"wprevpro_t1_IMG_4\" loading=\"lazy\" \/><\/span> <span class=\"wprevpro_t1_SPAN_5 wprev_preview_tcolor2_T1\">Carolla Parmejano<br\/><span class=\"wprev_showdate_T1\">5 de mar\u00e7o de 2021<\/span> <\/span>\r\n\t\t<\/div>\r\n\t\t\t<div class=\"wprevpro_t1_DIV_1 w3_wprs-col l3\">\r\n\t\t\t<div class=\"indrevdiv wprevpro_t1_DIV_2 wprev_preview_bg1_T1 wprev_preview_tcolor1_T1 wprev_preview_bradius_T1\">\r\n\t\t\t\t<p class=\"wprevpro_t1_P_3 wprev_preview_tcolor1_T1\">\r\n\t\t\t\t\t<span class=\"wprevpro_star_imgs_T1\"><span class=\"starloc1 wprevpro_star_imgs wprevpro_star_imgsloc1\"><span class=\"svgicons svg-wprsp-star\"><\/span><span class=\"svgicons svg-wprsp-star\"><\/span><span class=\"svgicons svg-wprsp-star\"><\/span><span class=\"svgicons svg-wprsp-star\"><\/span><span class=\"svgicons svg-wprsp-star\"><\/span><\/span><\/span>Marquei uma consultoria com o Paulo atrav\u00e9s dos v\u00eddeos que assistia no Youtube. A consultoria \u00e9 incr\u00edvel. Profissional excelente com uma did\u00e1tica impec\u00e1vel. Ele solucionou todas as d\u00favidas que eu tinha na hora de montar um est\u00fadio. E me deu um direcionamento muito bom na fotografia. A consultoria era 1 hora, e ele ficou 02h 30m na chamada de v\u00eddeo. Super recomendo!!! Excelente profissional!!!\t\t\t\t<\/p>\r\n\t\t\t\t\t\t\t\t\t\t\t<\/div><span class=\"wprevpro_t1_A_8\"><img decoding=\"async\" src=\"https:\/\/lh3.googleusercontent.com\/a-\/AOh14GgWYeAFyoXmaKJq0IwO6qiBYgDp7afCwRhSrLWWyg=s128-c0x00000000-cc-rp-mo?sz=100\" alt=\"Haron Henrique Avatar\" class=\"wprevpro_t1_IMG_4\" loading=\"lazy\" \/><\/span> <span class=\"wprevpro_t1_SPAN_5 wprev_preview_tcolor2_T1\">Haron Henrique<br\/><span class=\"wprev_showdate_T1\">31 de maio de 2022<\/span> <\/span>\r\n\t\t<\/div>\r\n\t\t\t<div class=\"wprevpro_t1_DIV_1 w3_wprs-col l3\">\r\n\t\t\t<div class=\"indrevdiv wprevpro_t1_DIV_2 wprev_preview_bg1_T1 wprev_preview_tcolor1_T1 wprev_preview_bradius_T1\">\r\n\t\t\t\t<p class=\"wprevpro_t1_P_3 wprev_preview_tcolor1_T1\">\r\n\t\t\t\t\t<span class=\"wprevpro_star_imgs_T1\"><span class=\"starloc1 wprevpro_star_imgs wprevpro_star_imgsloc1\"><span class=\"svgicons svg-wprsp-star\"><\/span><span class=\"svgicons svg-wprsp-star\"><\/span><span class=\"svgicons svg-wprsp-star\"><\/span><span class=\"svgicons svg-wprsp-star\"><\/span><span class=\"svgicons svg-wprsp-star\"><\/span><\/span><\/span>Experi\u00eancia fant\u00e1stica, o Paulo \u00e9 um cara fenomenal, profissional exemplar, a ambiente \u00e9 maravilhoso, bem cuidado e muito bem organizado, al\u00e9m de uma localiza\u00e7\u00e3o de f\u00e1cil acesso.\t\t\t\t<\/p>\r\n\t\t\t\t\t\t\t\t\t\t\t<\/div><span class=\"wprevpro_t1_A_8\"><img decoding=\"async\" src=\"https:\/\/lh3.googleusercontent.com\/a-\/AOh14GjoCL9oo78m_F8rN3T5SXJMJ9gLZG9-wirWdfPJSiU=s128-c0x00000000-cc-rp-mo?sz=100\" alt=\"Beto Gonsalvo Avatar\" class=\"wprevpro_t1_IMG_4\" loading=\"lazy\" \/><\/span> <span class=\"wprevpro_t1_SPAN_5 wprev_preview_tcolor2_T1\">Beto Gonsalvo<br\/><span class=\"wprev_showdate_T1\">9 de novembro de 2021<\/span> <\/span>\r\n\t\t<\/div>\r\n\t\t\t<div class=\"wprevpro_t1_DIV_1 w3_wprs-col l3\">\r\n\t\t\t<div class=\"indrevdiv wprevpro_t1_DIV_2 wprev_preview_bg1_T1 wprev_preview_tcolor1_T1 wprev_preview_bradius_T1\">\r\n\t\t\t\t<p class=\"wprevpro_t1_P_3 wprev_preview_tcolor1_T1\">\r\n\t\t\t\t\t<span class=\"wprevpro_star_imgs_T1\"><span class=\"starloc1 wprevpro_star_imgs wprevpro_star_imgsloc1\"><span class=\"svgicons svg-wprsp-star\"><\/span><span class=\"svgicons svg-wprsp-star\"><\/span><span class=\"svgicons svg-wprsp-star\"><\/span><span class=\"svgicons svg-wprsp-star\"><\/span><span class=\"svgicons svg-wprsp-star\"><\/span><\/span><\/span>Eu passei pelas 3 experi\u00eancias com o Paulo.\nFiz o workshop e aprendi em um dia algo que eu certamente levaria meses para aprender.\nFui fotografada pelo pr\u00f3prio, eu nunca me vi da forma que ele me retratou na foto, eu encontrei uma identidade que existia mas estava apagada. Ele trouxe uma empres\u00e1ria na foto.\nE eu tive a oportunidade de locar o studio para realizar o meu trabalho e o Paulo deu todo o suporte necess\u00e1rio para ser realmente uma experi\u00eancia para a minha cliente.\nPaulo voc\u00ea realmente tem muita parte respons\u00e1vel pela minha evolu\u00e7\u00e3o, muita gratid\u00e3o por tudo e sempre te indicarei para quem for, pois voc\u00ea \u00e9 muito diferenciado em tudo oque voc\u00ea faz.\t\t\t\t<\/p>\r\n\t\t\t\t\t\t\t\t\t\t\t<\/div><span class=\"wprevpro_t1_A_8\"><img decoding=\"async\" src=\"https:\/\/lh3.googleusercontent.com\/a-\/AD_cMMQRmHsNoNcByCfg6NB9t5fA6n7nlagEg8onVWN8gJ3mHOg=s128-c0x00000000-cc-rp-mo?sz=100\" alt=\"Mariana Lima Avatar\" class=\"wprevpro_t1_IMG_4\" loading=\"lazy\" \/><\/span> <span class=\"wprevpro_t1_SPAN_5 wprev_preview_tcolor2_T1\">Mariana Lima<br\/><span class=\"wprev_showdate_T1\">28 de mar\u00e7o de 2023<\/span> <\/span>\r\n\t\t<\/div>\r\n\t\t<\/div>\r\n<\/li><li class=\"wprevnextslide\">\t\t<div class=\"wprevpro_t1_outer_div w3_wprs-row-padding\">\r\n\t\t\t\t<div class=\"wprevpro_t1_DIV_1 w3_wprs-col l3\">\r\n\t\t\t<div class=\"indrevdiv wprevpro_t1_DIV_2 wprev_preview_bg1_T1 wprev_preview_tcolor1_T1 wprev_preview_bradius_T1\">\r\n\t\t\t\t<p class=\"wprevpro_t1_P_3 wprev_preview_tcolor1_T1\">\r\n\t\t\t\t\t<span class=\"wprevpro_star_imgs_T1\"><span class=\"starloc1 wprevpro_star_imgs wprevpro_star_imgsloc1\"><span class=\"svgicons svg-wprsp-star\"><\/span><span class=\"svgicons svg-wprsp-star\"><\/span><span class=\"svgicons svg-wprsp-star\"><\/span><span class=\"svgicons svg-wprsp-star\"><\/span><span class=\"svgicons svg-wprsp-star\"><\/span><\/span><\/span>Fui fazer fotos para usar no meu site e redes sociais. Tamb\u00e9m trabalho com fotografia e simplesmente amei o processo, desde o atendimento, at\u00e9 o per\u00edodo da sess\u00e3o de fotos e entrega do material final.\n\nPaulo \u00e9 muito profissional, domina o uso da ilumina\u00e7\u00e3o de est\u00fadio e saber dirigir muito bem.\t\t\t\t<\/p>\r\n\t\t\t\t\t\t\t\t\t\t\t<\/div><span class=\"wprevpro_t1_A_8\"><img decoding=\"async\" src=\"https:\/\/lh3.googleusercontent.com\/a-\/AOh14Gj5D7wuRnn0n-lBqVm3l4gF5Znth6HepoYmFZqutPY=s128-c0x00000000-cc-rp-mo?sz=100\" alt=\"Tereza Sa Avatar\" class=\"wprevpro_t1_IMG_4\" loading=\"lazy\" \/><\/span> <span class=\"wprevpro_t1_SPAN_5 wprev_preview_tcolor2_T1\">Tereza Sa<br\/><span class=\"wprev_showdate_T1\">24 de junho de 2021<\/span> <\/span>\r\n\t\t<\/div>\r\n\t\t\t<div class=\"wprevpro_t1_DIV_1 w3_wprs-col l3\">\r\n\t\t\t<div class=\"indrevdiv wprevpro_t1_DIV_2 wprev_preview_bg1_T1 wprev_preview_tcolor1_T1 wprev_preview_bradius_T1\">\r\n\t\t\t\t<p class=\"wprevpro_t1_P_3 wprev_preview_tcolor1_T1\">\r\n\t\t\t\t\t<span class=\"wprevpro_star_imgs_T1\"><span class=\"starloc1 wprevpro_star_imgs wprevpro_star_imgsloc1\"><span class=\"svgicons svg-wprsp-star\"><\/span><span class=\"svgicons svg-wprsp-star\"><\/span><span class=\"svgicons svg-wprsp-star\"><\/span><span class=\"svgicons svg-wprsp-star\"><\/span><span class=\"svgicons svg-wprsp-star\"><\/span><\/span><\/span>O Paulo Lima \u00e9 uma refer\u00eancia para mim na fotografia de moda, gastronomia e produtos.\t\t\t\t<\/p>\r\n\t\t\t\t\t\t\t\t\t\t\t<\/div><span class=\"wprevpro_t1_A_8\"><img decoding=\"async\" src=\"https:\/\/lh3.googleusercontent.com\/a-\/AD_cMMSBI8m-vraFNbOCi6yR5jwTZ5mNW1dEAy37iZhod8mDTfM=s120-c-rp-mo-ba2-br100\" alt=\"EvoraStudio Fotografia Avatar\" class=\"wprevpro_t1_IMG_4\" loading=\"lazy\" \/><\/span> <span class=\"wprevpro_t1_SPAN_5 wprev_preview_tcolor2_T1\">EvoraStudio Fotografia<br\/><span class=\"wprev_showdate_T1\">14 de agosto de 2020<\/span> <\/span>\r\n\t\t<\/div>\r\n\t\t\t<div class=\"wprevpro_t1_DIV_1 w3_wprs-col l3\">\r\n\t\t\t<div class=\"indrevdiv wprevpro_t1_DIV_2 wprev_preview_bg1_T1 wprev_preview_tcolor1_T1 wprev_preview_bradius_T1\">\r\n\t\t\t\t<p class=\"wprevpro_t1_P_3 wprev_preview_tcolor1_T1\">\r\n\t\t\t\t\t<span class=\"wprevpro_star_imgs_T1\"><span class=\"starloc1 wprevpro_star_imgs wprevpro_star_imgsloc1\"><span class=\"svgicons svg-wprsp-star\"><\/span><span class=\"svgicons svg-wprsp-star\"><\/span><span class=\"svgicons svg-wprsp-star\"><\/span><span class=\"svgicons svg-wprsp-star\"><\/span><span class=\"svgicons svg-wprsp-star\"><\/span><\/span><\/span>Incr\u00edvel! Fui mto bem acolhida com um ambiente aconchegante e um profissional sem palavras. Parab\u00e9ns Paulo, eu indico seu trabalho de olhos fechados, pq j\u00e1 vi o seu talento e criatividade em a\u00e7\u00e3o e \u00e9 de deixar ele um babando!\t\t\t\t<\/p>\r\n\t\t\t\t\t\t\t\t\t\t\t<\/div><span class=\"wprevpro_t1_A_8\"><img decoding=\"async\" src=\"https:\/\/lh3.googleusercontent.com\/a-\/AOh14GjB-xUIFPdrukb1x2IUNfXa9UFxVMYajimbSNDR=s128-c0x00000000-cc-rp-mo?sz=100\" alt=\"Rose Kelly Torquato Avatar\" class=\"wprevpro_t1_IMG_4\" loading=\"lazy\" \/><\/span> <span class=\"wprevpro_t1_SPAN_5 wprev_preview_tcolor2_T1\">Rose Kelly Torquato<br\/><span class=\"wprev_showdate_T1\">25 de junho de 2021<\/span> <\/span>\r\n\t\t<\/div>\r\n\t\t\t<div class=\"wprevpro_t1_DIV_1 w3_wprs-col l3\">\r\n\t\t\t<div class=\"indrevdiv wprevpro_t1_DIV_2 wprev_preview_bg1_T1 wprev_preview_tcolor1_T1 wprev_preview_bradius_T1\">\r\n\t\t\t\t<p class=\"wprevpro_t1_P_3 wprev_preview_tcolor1_T1\">\r\n\t\t\t\t\t<span class=\"wprevpro_star_imgs_T1\"><span class=\"starloc1 wprevpro_star_imgs wprevpro_star_imgsloc1\"><span class=\"svgicons svg-wprsp-star\"><\/span><span class=\"svgicons svg-wprsp-star\"><\/span><span class=\"svgicons svg-wprsp-star\"><\/span><span class=\"svgicons svg-wprsp-star\"><\/span><span class=\"svgicons svg-wprsp-star\"><\/span><\/span><\/span>Contactei o Est\u00fadio Arau\u00e1 para tirar meu retrato corporativo e fui prontamente atendido pelo Paulo. Era minha minha primeira vez em est\u00fadio, mas o Paulo foi bastante paciente e preocupou-se em conduzir a sess\u00e3o da forma mais leve poss\u00edvel. E as fotos ficaram excelentes! Obrigado!\t\t\t\t<\/p>\r\n\t\t\t\t\t\t\t\t\t\t\t<\/div><span class=\"wprevpro_t1_A_8\"><img decoding=\"async\" src=\"https:\/\/plfoto.com.br\/web\/wp-content\/uploads\/2023\/08\/20220909-HumbertoNishizaki-FotoPauloLima-PLF7533-150x150.jpg\" alt=\"Humberto Nishizaki Avatar\" class=\"wprevpro_t1_IMG_4\" loading=\"lazy\" \/><\/span> <span class=\"wprevpro_t1_SPAN_5 wprev_preview_tcolor2_T1\">Humberto Nishizaki<br\/><span class=\"wprev_showdate_T1\">14 de outubro de 2022<\/span> <\/span>\r\n\t\t<\/div>\r\n\t\t<\/div>\r\n<\/li><li class=\"wprevnextslide\">\t\t<div class=\"wprevpro_t1_outer_div w3_wprs-row-padding\">\r\n\t\t\t\t<div class=\"wprevpro_t1_DIV_1 w3_wprs-col l3\">\r\n\t\t\t<div class=\"indrevdiv wprevpro_t1_DIV_2 wprev_preview_bg1_T1 wprev_preview_tcolor1_T1 wprev_preview_bradius_T1\">\r\n\t\t\t\t<p class=\"wprevpro_t1_P_3 wprev_preview_tcolor1_T1\">\r\n\t\t\t\t\t<span class=\"wprevpro_star_imgs_T1\"><span class=\"starloc1 wprevpro_star_imgs wprevpro_star_imgsloc1\"><span class=\"svgicons svg-wprsp-star\"><\/span><span class=\"svgicons svg-wprsp-star\"><\/span><span class=\"svgicons svg-wprsp-star\"><\/span><span class=\"svgicons svg-wprsp-star\"><\/span><span class=\"svgicons svg-wprsp-star\"><\/span><\/span><\/span>Profissional, acolhedora e o Paulo t\u00eam sensibilidade e olhar \u00fanicos! Muito feliz com a entrega! Obrigada!\t\t\t\t<\/p>\r\n\t\t\t\t\t\t\t\t\t\t\t<\/div><span class=\"wprevpro_t1_A_8\"><img decoding=\"async\" src=\"https:\/\/plfoto.com.br\/web\/wp-content\/uploads\/2023\/08\/20220512-JanaEvangelista-fotoPauloLima-_MG_1668-2-150x150.jpg\" alt=\"Janaina Tominaga Avatar\" class=\"wprevpro_t1_IMG_4\" loading=\"lazy\" \/><\/span> <span class=\"wprevpro_t1_SPAN_5 wprev_preview_tcolor2_T1\">Janaina Tominaga<br\/><span class=\"wprev_showdate_T1\">10 de julho de 2022<\/span> <\/span>\r\n\t\t<\/div>\r\n\t\t\t<div class=\"wprevpro_t1_DIV_1 w3_wprs-col l3\">\r\n\t\t\t<div class=\"indrevdiv wprevpro_t1_DIV_2 wprev_preview_bg1_T1 wprev_preview_tcolor1_T1 wprev_preview_bradius_T1\">\r\n\t\t\t\t<p class=\"wprevpro_t1_P_3 wprev_preview_tcolor1_T1\">\r\n\t\t\t\t\t<span class=\"wprevpro_star_imgs_T1\"><span class=\"starloc1 wprevpro_star_imgs wprevpro_star_imgsloc1\"><span class=\"svgicons svg-wprsp-star\"><\/span><span class=\"svgicons svg-wprsp-star\"><\/span><span class=\"svgicons svg-wprsp-star\"><\/span><span class=\"svgicons svg-wprsp-star\"><\/span><span class=\"svgicons svg-wprsp-star\"><\/span><\/span><\/span>O Paulo e a Gabriela s\u00e3o extremamente atenciosos e profissionais de alto n\u00edvel. Super recomendo!\t\t\t\t<\/p>\r\n\t\t\t\t\t\t\t\t\t\t\t<\/div><span class=\"wprevpro_t1_A_8\"><img decoding=\"async\" src=\"https:\/\/lh3.googleusercontent.com\/-JuT1_bCmjaM\/AAAAAAAAAAI\/AAAAAAAAAAA\/ACHi3rcwIarOPzNcbLHJIWoiPODoE6iJHw\/s128-c0x00000000-cc-rp-mo\/photo.jpg?sz=100\" alt=\"Mariana Carrara Avatar\" class=\"wprevpro_t1_IMG_4\" loading=\"lazy\" \/><\/span> <span class=\"wprevpro_t1_SPAN_5 wprev_preview_tcolor2_T1\">Mariana Carrara<br\/><span class=\"wprev_showdate_T1\">26 de agosto de 2019<\/span> <\/span>\r\n\t\t<\/div>\r\n\t\t\t<div class=\"wprevpro_t1_DIV_1 w3_wprs-col l3\">\r\n\t\t\t<div class=\"indrevdiv wprevpro_t1_DIV_2 wprev_preview_bg1_T1 wprev_preview_tcolor1_T1 wprev_preview_bradius_T1\">\r\n\t\t\t\t<p class=\"wprevpro_t1_P_3 wprev_preview_tcolor1_T1\">\r\n\t\t\t\t\t<span class=\"wprevpro_star_imgs_T1\"><span class=\"starloc1 wprevpro_star_imgs wprevpro_star_imgsloc1\"><span class=\"svgicons svg-wprsp-star\"><\/span><span class=\"svgicons svg-wprsp-star\"><\/span><span class=\"svgicons svg-wprsp-star\"><\/span><span class=\"svgicons svg-wprsp-star\"><\/span><span class=\"svgicons svg-wprsp-star\"><\/span><\/span><\/span>Conheci o trabalho do Paulo atrav\u00e9s de uma pesquisa na internet. Desde o primeiro momento, ele foi sol\u00edcito. O fato dele ser muito pr\u00e1tico no momento da negocia\u00e7\u00e3o ajudou bastante, porque ele j\u00e1 mandou o portf\u00f3lio, com pre\u00e7os, estilos de foto, tempo de dura\u00e7\u00e3o da sess\u00e3o. Ent\u00e3o, com isso, ficou muito mais f\u00e1cil estar me programando para o dia para estar indo, sem que estivesse atrapalhando os meus outros compromissos. E a entrega final foi muito boa. Foi acima do esperado. E vale muito a pena voc\u00ea investir em uma sess\u00e3o de fotos, pois as lentes dele te mostram aquilo que voc\u00ea \u00e9 e que, por muitas das vezes, n\u00f3s n\u00e3o conseguimos enxergar.\t\t\t\t<\/p>\r\n\t\t\t\t\t\t\t\t\t\t\t<\/div><span class=\"wprevpro_t1_A_8\"><img decoding=\"async\" src=\"https:\/\/lh3.googleusercontent.com\/a\/ACg8ocK9OngeNAhuAiZ90EU01v66Q0wSNWSqUiTr6IRMqdQd0yZ0JA=s128-c0x00000000-cc-rp-mo?sz=100\" alt=\"Juliano Santos Avatar\" class=\"wprevpro_t1_IMG_4\" loading=\"lazy\" \/><\/span> <span class=\"wprevpro_t1_SPAN_5 wprev_preview_tcolor2_T1\">Juliano Santos<br\/><span class=\"wprev_showdate_T1\">12 de junho de 2025<\/span> <\/span>\r\n\t\t<\/div>\r\n\t\t\t<div class=\"wprevpro_t1_DIV_1 w3_wprs-col l3\">\r\n\t\t\t<div class=\"indrevdiv wprevpro_t1_DIV_2 wprev_preview_bg1_T1 wprev_preview_tcolor1_T1 wprev_preview_bradius_T1\">\r\n\t\t\t\t<p class=\"wprevpro_t1_P_3 wprev_preview_tcolor1_T1\">\r\n\t\t\t\t\t<span class=\"wprevpro_star_imgs_T1\"><span class=\"starloc1 wprevpro_star_imgs wprevpro_star_imgsloc1\"><span class=\"svgicons svg-wprsp-star\"><\/span><span class=\"svgicons svg-wprsp-star\"><\/span><span class=\"svgicons svg-wprsp-star\"><\/span><span class=\"svgicons svg-wprsp-star\"><\/span><span class=\"svgicons svg-wprsp-star\"><\/span><\/span><\/span>Como descrever o Paulo....\nUm dia de muito aprendizado, vale cada centavo o investimento no WS, ele \u00e9 super did\u00e1tico, calmo, sabe passar as informa\u00e7\u00f5es, tira as d\u00favidas e mostra o que sabe de maneira natural, d\u00e1 dicas n\u00e3o s\u00f3 na foto mas tbem de equipamentos e \" traquitanas\" que te ajudam a criar o setup! Adorei! Sai de l\u00e1 super confiante e pronta pra fazer minhas fotos com seguran\u00e7a e criatividade!\nSuper recomendo!\t\t\t\t<\/p>\r\n\t\t\t\t\t\t\t\t\t\t\t<\/div><span class=\"wprevpro_t1_A_8\"><img decoding=\"async\" src=\"https:\/\/lh3.googleusercontent.com\/a-\/AOh14GjsJHtIjOmxNUQShavrTR1piCp0yjVMuDUz4GZscg=s128-c0x00000000-cc-rp-mo?sz=100\" alt=\"Estudio Allegro Fotografia Avatar\" class=\"wprevpro_t1_IMG_4\" loading=\"lazy\" \/><\/span> <span class=\"wprevpro_t1_SPAN_5 wprev_preview_tcolor2_T1\">Estudio Allegro Fotografia<br\/><span class=\"wprev_showdate_T1\">2 de junho de 2022<\/span> <\/span>\r\n\t\t<\/div>\r\n\t\t<\/div>\r\n<\/li><\/ul><\/div>\r\n<\/div>\n\t\t\t\t\t\t<\/div>\n\t\t\t\t<\/div>\n\t\t\t\t\t<\/div>\n\t\t<\/div>\n\t\t\t\t\t<\/div>\n\t\t<\/section>\n\t\t\t\t<section class=\"elementor-section elementor-top-section elementor-element elementor-element-4f846bb elementor-section-boxed elementor-section-height-default elementor-section-height-default\" data-id=\"4f846bb\" data-element_type=\"section\">\n\t\t\t\t\t\t<div class=\"elementor-container elementor-column-gap-default\">\n\t\t\t\t\t<div class=\"elementor-column elementor-col-16 elementor-top-column elementor-element elementor-element-9921b02 elementor-hidden-tablet elementor-hidden-mobile\" data-id=\"9921b02\" data-element_type=\"column\">\n\t\t\t<div class=\"elementor-widget-wrap\">\n\t\t\t\t\t\t\t<\/div>\n\t\t<\/div>\n\t\t\t\t<div class=\"elementor-column elementor-col-66 elementor-top-column elementor-element elementor-element-a27d7ae\" data-id=\"a27d7ae\" data-element_type=\"column\">\n\t\t\t<div class=\"elementor-widget-wrap elementor-element-populated\">\n\t\t\t\t\t\t<div class=\"elementor-element elementor-element-c637d66 elementor-widget elementor-widget-spacer\" data-id=\"c637d66\" data-element_type=\"widget\" data-widget_type=\"spacer.default\">\n\t\t\t\t<div class=\"elementor-widget-container\">\n\t\t\t\t\t\t\t<div class=\"elementor-spacer\">\n\t\t\t<div class=\"elementor-spacer-inner\"><\/div>\n\t\t<\/div>\n\t\t\t\t\t\t<\/div>\n\t\t\t\t<\/div>\n\t\t\t\t<div class=\"elementor-element elementor-element-e939fe9 elementor-widget elementor-widget-heading\" data-id=\"e939fe9\" data-element_type=\"widget\" data-widget_type=\"heading.default\">\n\t\t\t\t<div class=\"elementor-widget-container\">\n\t\t\t\t\t<h2 class=\"elementor-heading-title elementor-size-default\">F.A.Q. - Perguntas frequentes<\/h2>\t\t\t\t<\/div>\n\t\t\t\t<\/div>\n\t\t\t\t<div class=\"elementor-element elementor-element-1a60312 elementor-widget elementor-widget-toggle\" data-id=\"1a60312\" data-element_type=\"widget\" data-widget_type=\"toggle.default\">\n\t\t\t\t<div class=\"elementor-widget-container\">\n\t\t\t\t\t\t\t<div class=\"elementor-toggle\">\n\t\t\t\t\t\t\t<div class=\"elementor-toggle-item\">\n\t\t\t\t\t<div id=\"elementor-tab-title-2761\" class=\"elementor-tab-title\" data-tab=\"1\" role=\"button\" aria-controls=\"elementor-tab-content-2761\" aria-expanded=\"false\">\n\t\t\t\t\t\t\t\t\t\t\t\t<span class=\"elementor-toggle-icon elementor-toggle-icon-left\" aria-hidden=\"true\">\n\t\t\t\t\t\t\t\t\t\t\t\t\t\t\t<span class=\"elementor-toggle-icon-closed\"><i class=\"fas fa-caret-right\"><\/i><\/span>\n\t\t\t\t\t\t\t\t<span class=\"elementor-toggle-icon-opened\"><i class=\"elementor-toggle-icon-opened fas fa-caret-up\"><\/i><\/span>\n\t\t\t\t\t\t\t\t\t\t\t\t\t<\/span>\n\t\t\t\t\t\t\t\t\t\t\t\t<a class=\"elementor-toggle-title\" tabindex=\"0\">1: Porque eu faria meus retratos profissionais com o Paulo Lima?<\/a>\n\t\t\t\t\t<\/div>\n\n\t\t\t\t\t<div id=\"elementor-tab-content-2761\" class=\"elementor-tab-content elementor-clearfix\" data-tab=\"1\" role=\"region\" aria-labelledby=\"elementor-tab-title-2761\"><p><span style=\"color: var( --e-global-color-text ); font-family: var( --e-global-typography-text-font-family ), Sans-serif; font-weight: var( --e-global-typography-text-font-weight );\">A principal raz\u00e3o para me escolher para fazer seu ensaio \u00e9 confiar no meu trabalho. Eu serei uma ferramenta pra possibilitar que voc\u00ea seja tenha imagens que realmente te representem. Meu papel nessa hist\u00f3ria \u00e9 traduzir para o mundo aquilo que voc\u00ea deseja mostrar e assim melhorar seu posicionamento e marca pessoal.<\/span><\/p><\/div>\n\t\t\t\t<\/div>\n\t\t\t\t\t\t\t<div class=\"elementor-toggle-item\">\n\t\t\t\t\t<div id=\"elementor-tab-title-2762\" class=\"elementor-tab-title\" data-tab=\"2\" role=\"button\" aria-controls=\"elementor-tab-content-2762\" aria-expanded=\"false\">\n\t\t\t\t\t\t\t\t\t\t\t\t<span class=\"elementor-toggle-icon elementor-toggle-icon-left\" aria-hidden=\"true\">\n\t\t\t\t\t\t\t\t\t\t\t\t\t\t\t<span class=\"elementor-toggle-icon-closed\"><i class=\"fas fa-caret-right\"><\/i><\/span>\n\t\t\t\t\t\t\t\t<span class=\"elementor-toggle-icon-opened\"><i class=\"elementor-toggle-icon-opened fas fa-caret-up\"><\/i><\/span>\n\t\t\t\t\t\t\t\t\t\t\t\t\t<\/span>\n\t\t\t\t\t\t\t\t\t\t\t\t<a class=\"elementor-toggle-title\" tabindex=\"0\">2: Como funciona o pagamento?<\/a>\n\t\t\t\t\t<\/div>\n\n\t\t\t\t\t<div id=\"elementor-tab-content-2762\" class=\"elementor-tab-content elementor-clearfix\" data-tab=\"2\" role=\"region\" aria-labelledby=\"elementor-tab-title-2762\"><p>Ao selecionar um ensaio voc\u00ea ir\u00e1 falar diretamente comigo (whatsapp) sobre o ensaio escolhido. Irei te mandar as informa\u00e7\u00f5es de pgto para reservar a data (n\u00e3o reembols\u00e1vel), mas poder\u00e1 tirar algumas d\u00favidas tamb\u00e9m. Isso acontecer\u00e1 em hor\u00e1rio comercial (9h-19h) e j\u00e1 faremos a pr\u00e9 reserva da data. O pagamento final acontece ap\u00f3s a sele\u00e7\u00e3o das imagens e antes da entrega.<\/p><\/div>\n\t\t\t\t<\/div>\n\t\t\t\t\t\t\t<div class=\"elementor-toggle-item\">\n\t\t\t\t\t<div id=\"elementor-tab-title-2763\" class=\"elementor-tab-title\" data-tab=\"3\" role=\"button\" aria-controls=\"elementor-tab-content-2763\" aria-expanded=\"false\">\n\t\t\t\t\t\t\t\t\t\t\t\t<span class=\"elementor-toggle-icon elementor-toggle-icon-left\" aria-hidden=\"true\">\n\t\t\t\t\t\t\t\t\t\t\t\t\t\t\t<span class=\"elementor-toggle-icon-closed\"><i class=\"fas fa-caret-right\"><\/i><\/span>\n\t\t\t\t\t\t\t\t<span class=\"elementor-toggle-icon-opened\"><i class=\"elementor-toggle-icon-opened fas fa-caret-up\"><\/i><\/span>\n\t\t\t\t\t\t\t\t\t\t\t\t\t<\/span>\n\t\t\t\t\t\t\t\t\t\t\t\t<a class=\"elementor-toggle-title\" tabindex=\"0\">3: Como e em quanto tempo recebo as fotos?<\/a>\n\t\t\t\t\t<\/div>\n\n\t\t\t\t\t<div id=\"elementor-tab-content-2763\" class=\"elementor-tab-content elementor-clearfix\" data-tab=\"3\" role=\"region\" aria-labelledby=\"elementor-tab-title-2763\"><p>As fotos s\u00e3o entregues de forma digital e via link para download. Para facilitar seu trabalho, mandamos em duas vers\u00f5es: Print &#8211; para impress\u00f5es e amplia\u00e7\u00f5es e Web &#8211; Para e-mails e redes sociais.<\/p><p>O tempo m\u00e1ximo de entrega \u00e9 de 72h, independente da quantidade de fotos selecionadas.<br \/>Em nosso hist\u00f3rico nunca usamos o tempo m\u00e1ximo de entrega e nunca atrasamos uma entrega.<\/p><\/div>\n\t\t\t\t<\/div>\n\t\t\t\t\t\t\t<div class=\"elementor-toggle-item\">\n\t\t\t\t\t<div id=\"elementor-tab-title-2764\" class=\"elementor-tab-title\" data-tab=\"4\" role=\"button\" aria-controls=\"elementor-tab-content-2764\" aria-expanded=\"false\">\n\t\t\t\t\t\t\t\t\t\t\t\t<span class=\"elementor-toggle-icon elementor-toggle-icon-left\" aria-hidden=\"true\">\n\t\t\t\t\t\t\t\t\t\t\t\t\t\t\t<span class=\"elementor-toggle-icon-closed\"><i class=\"fas fa-caret-right\"><\/i><\/span>\n\t\t\t\t\t\t\t\t<span class=\"elementor-toggle-icon-opened\"><i class=\"elementor-toggle-icon-opened fas fa-caret-up\"><\/i><\/span>\n\t\t\t\t\t\t\t\t\t\t\t\t\t<\/span>\n\t\t\t\t\t\t\t\t\t\t\t\t<a class=\"elementor-toggle-title\" tabindex=\"0\">4: Nunca fiz um ensaio e tenho vergonha, como voc\u00ea poderia me ajudar?<\/a>\n\t\t\t\t\t<\/div>\n\n\t\t\t\t\t<div id=\"elementor-tab-content-2764\" class=\"elementor-tab-content elementor-clearfix\" data-tab=\"4\" role=\"region\" aria-labelledby=\"elementor-tab-title-2764\"><p>A minha principal forma de trabalhar \u00e9 criar um ambiente seguro e responsivo. N\u00f3s estaremos trabalhando em equipe para que as fotos sejam consequ\u00eancia de momentos agrad\u00e1veis. Tudo isso em meio a um bate papo e sempre pensando no alinhamento entre seus objetivos e as imagens criadas. Pode ter certeza que quando acabar, nem vai ter parecido que o tempo passou.<\/p><\/div>\n\t\t\t\t<\/div>\n\t\t\t\t\t\t\t<div class=\"elementor-toggle-item\">\n\t\t\t\t\t<div id=\"elementor-tab-title-2765\" class=\"elementor-tab-title\" data-tab=\"5\" role=\"button\" aria-controls=\"elementor-tab-content-2765\" aria-expanded=\"false\">\n\t\t\t\t\t\t\t\t\t\t\t\t<span class=\"elementor-toggle-icon elementor-toggle-icon-left\" aria-hidden=\"true\">\n\t\t\t\t\t\t\t\t\t\t\t\t\t\t\t<span class=\"elementor-toggle-icon-closed\"><i class=\"fas fa-caret-right\"><\/i><\/span>\n\t\t\t\t\t\t\t\t<span class=\"elementor-toggle-icon-opened\"><i class=\"elementor-toggle-icon-opened fas fa-caret-up\"><\/i><\/span>\n\t\t\t\t\t\t\t\t\t\t\t\t\t<\/span>\n\t\t\t\t\t\t\t\t\t\t\t\t<a class=\"elementor-toggle-title\" tabindex=\"0\">5: Posso dividir o ensaio com outra pessoa?<\/a>\n\t\t\t\t\t<\/div>\n\n\t\t\t\t\t<div id=\"elementor-tab-content-2765\" class=\"elementor-tab-content elementor-clearfix\" data-tab=\"5\" role=\"region\" aria-labelledby=\"elementor-tab-title-2765\"><p>Claro, mas tenha em mente que todo o processo ser\u00e1 dividido, tempo, quantidade de fotos e etc..<\/p><\/div>\n\t\t\t\t<\/div>\n\t\t\t\t\t\t\t<div class=\"elementor-toggle-item\">\n\t\t\t\t\t<div id=\"elementor-tab-title-2766\" class=\"elementor-tab-title\" data-tab=\"6\" role=\"button\" aria-controls=\"elementor-tab-content-2766\" aria-expanded=\"false\">\n\t\t\t\t\t\t\t\t\t\t\t\t<span class=\"elementor-toggle-icon elementor-toggle-icon-left\" aria-hidden=\"true\">\n\t\t\t\t\t\t\t\t\t\t\t\t\t\t\t<span class=\"elementor-toggle-icon-closed\"><i class=\"fas fa-caret-right\"><\/i><\/span>\n\t\t\t\t\t\t\t\t<span class=\"elementor-toggle-icon-opened\"><i class=\"elementor-toggle-icon-opened fas fa-caret-up\"><\/i><\/span>\n\t\t\t\t\t\t\t\t\t\t\t\t\t<\/span>\n\t\t\t\t\t\t\t\t\t\t\t\t<a class=\"elementor-toggle-title\" tabindex=\"0\">6: Posso contratar mais fotos do que o pacote original?<\/a>\n\t\t\t\t\t<\/div>\n\n\t\t\t\t\t<div id=\"elementor-tab-content-2766\" class=\"elementor-tab-content elementor-clearfix\" data-tab=\"6\" role=\"region\" aria-labelledby=\"elementor-tab-title-2766\"><p>Sim. Ao fazermos fotos pela primeira vez normalmente selecionamos pacotes menores por inseguran\u00e7a, mas saiba que as foto estar\u00e3o dispon\u00edveis por at\u00e9 3 meses para aquisi\u00e7\u00e3o.<\/p><\/div>\n\t\t\t\t<\/div>\n\t\t\t\t\t\t\t\t<\/div>\n\t\t\t\t\t\t<\/div>\n\t\t\t\t<\/div>\n\t\t\t\t\t<\/div>\n\t\t<\/div>\n\t\t\t\t<div class=\"elementor-column elementor-col-16 elementor-top-column elementor-element elementor-element-6ce514a elementor-hidden-tablet elementor-hidden-mobile\" data-id=\"6ce514a\" data-element_type=\"column\">\n\t\t\t<div class=\"elementor-widget-wrap\">\n\t\t\t\t\t\t\t<\/div>\n\t\t<\/div>\n\t\t\t\t\t<\/div>\n\t\t<\/section>\n\t\t\t\t<section class=\"elementor-section elementor-top-section elementor-element elementor-element-f9ab4a5 elementor-section-boxed elementor-section-height-default elementor-section-height-default\" data-id=\"f9ab4a5\" data-element_type=\"section\">\n\t\t\t\t\t\t<div class=\"elementor-container elementor-column-gap-default\">\n\t\t\t\t\t<div class=\"elementor-column elementor-col-100 elementor-top-column elementor-element elementor-element-f784ba3\" data-id=\"f784ba3\" data-element_type=\"column\">\n\t\t\t<div class=\"elementor-widget-wrap elementor-element-populated\">\n\t\t\t\t\t\t<div class=\"elementor-element elementor-element-cffb1f8 elementor-widget-divider--view-line elementor-widget elementor-widget-divider\" data-id=\"cffb1f8\" data-element_type=\"widget\" data-widget_type=\"divider.default\">\n\t\t\t\t<div class=\"elementor-widget-container\">\n\t\t\t\t\t\t\t<div class=\"elementor-divider\">\n\t\t\t<span class=\"elementor-divider-separator\">\n\t\t\t\t\t\t<\/span>\n\t\t<\/div>\n\t\t\t\t\t\t<\/div>\n\t\t\t\t<\/div>\n\t\t\t\t<div class=\"elementor-element elementor-element-f7480b9 elementor-widget elementor-widget-heading\" data-id=\"f7480b9\" data-element_type=\"widget\" data-widget_type=\"heading.default\">\n\t\t\t\t<div class=\"elementor-widget-container\">\n\t\t\t\t\t<h2 class=\"elementor-heading-title elementor-size-default\">Alguns clientes<\/h2>\t\t\t\t<\/div>\n\t\t\t\t<\/div>\n\t\t\t\t<div class=\"elementor-element elementor-element-fc05cd8 elementor-widget elementor-widget-heading\" data-id=\"fc05cd8\" data-element_type=\"widget\" data-widget_type=\"heading.default\">\n\t\t\t\t<div class=\"elementor-widget-container\">\n\t\t\t\t\t<h2 class=\"elementor-heading-title elementor-size-default\">conhe\u00e7a nosso portf\u00f3lio<\/h2>\t\t\t\t<\/div>\n\t\t\t\t<\/div>\n\t\t\t\t<div class=\"elementor-element elementor-element-20ad6e5 elementor-hidden-desktop elementor-hidden-tablet elementor-hidden-mobile elementor-widget elementor-widget-media-carousel\" data-id=\"20ad6e5\" data-element_type=\"widget\" data-widget_type=\"media-carousel.default\">\n\t\t\t\t<div class=\"elementor-widget-container\">\n\t\t\t\t\t \t\t\t\t<\/div>\n\t\t\t\t<\/div>\n\t\t\t\t<div class=\"elementor-element elementor-element-942c599 elementor-widget elementor-widget-gallery\" data-id=\"942c599\" data-element_type=\"widget\" data-widget_type=\"gallery.default\">\n\t\t\t\t<div class=\"elementor-widget-container\">\n\t\t\t\t\t \t\t\t\t<\/div>\n\t\t\t\t<\/div>\n\t\t\t\t<div class=\"elementor-element elementor-element-b06228d elementor-hidden-desktop elementor-hidden-tablet elementor-hidden-mobile elementor-widget-divider--view-line elementor-widget elementor-widget-divider\" data-id=\"b06228d\" data-element_type=\"widget\" data-widget_type=\"divider.default\">\n\t\t\t\t<div class=\"elementor-widget-container\">\n\t\t\t\t\t\t\t<div class=\"elementor-divider\">\n\t\t\t<span class=\"elementor-divider-separator\">\n\t\t\t\t\t\t<\/span>\n\t\t<\/div>\n\t\t\t\t\t\t<\/div>\n\t\t\t\t<\/div>\n\t\t\t\t\t<\/div>\n\t\t<\/div>\n\t\t\t\t\t<\/div>\n\t\t<\/section>\n\t\t\t\t<section class=\"elementor-section elementor-top-section elementor-element elementor-element-8c5997a elementor-section-boxed elementor-section-height-default elementor-section-height-default\" data-id=\"8c5997a\" data-element_type=\"section\" data-settings=\"{&quot;background_background&quot;:&quot;classic&quot;}\">\n\t\t\t\t\t\t<div class=\"elementor-container elementor-column-gap-default\">\n\t\t\t\t\t<div class=\"elementor-column elementor-col-16 elementor-top-column elementor-element elementor-element-d772fb1 elementor-hidden-tablet elementor-hidden-mobile\" data-id=\"d772fb1\" data-element_type=\"column\">\n\t\t\t<div class=\"elementor-widget-wrap\">\n\t\t\t\t\t\t\t<\/div>\n\t\t<\/div>\n\t\t\t\t<div class=\"elementor-column elementor-col-66 elementor-top-column elementor-element elementor-element-367d10d\" data-id=\"367d10d\" data-element_type=\"column\">\n\t\t\t<div class=\"elementor-widget-wrap elementor-element-populated\">\n\t\t\t\t\t\t<div class=\"elementor-element elementor-element-83a65ce elementor-widget elementor-widget-spacer\" data-id=\"83a65ce\" data-element_type=\"widget\" data-widget_type=\"spacer.default\">\n\t\t\t\t<div class=\"elementor-widget-container\">\n\t\t\t\t\t\t\t<div class=\"elementor-spacer\">\n\t\t\t<div class=\"elementor-spacer-inner\"><\/div>\n\t\t<\/div>\n\t\t\t\t\t\t<\/div>\n\t\t\t\t<\/div>\n\t\t\t\t<div class=\"elementor-element elementor-element-1c7669f elementor-widget elementor-widget-heading\" data-id=\"1c7669f\" data-element_type=\"widget\" data-widget_type=\"heading.default\">\n\t\t\t\t<div class=\"elementor-widget-container\">\n\t\t\t\t\t<h2 class=\"elementor-heading-title elementor-size-default\">Entre em contato e vamos conversar.<\/h2>\t\t\t\t<\/div>\n\t\t\t\t<\/div>\n\t\t\t\t\t<\/div>\n\t\t<\/div>\n\t\t\t\t<div class=\"elementor-column elementor-col-16 elementor-top-column elementor-element elementor-element-8b0a63a elementor-hidden-tablet elementor-hidden-mobile\" data-id=\"8b0a63a\" data-element_type=\"column\">\n\t\t\t<div class=\"elementor-widget-wrap\">\n\t\t\t\t\t\t\t<\/div>\n\t\t<\/div>\n\t\t\t\t\t<\/div>\n\t\t<\/section>\n\t\t\t\t<section class=\"elementor-section elementor-top-section elementor-element elementor-element-23086da elementor-section-boxed elementor-section-height-default elementor-section-height-default\" data-id=\"23086da\" data-element_type=\"section\">\n\t\t\t\t\t\t<div class=\"elementor-container elementor-column-gap-default\">\n\t\t\t\t\t<div class=\"elementor-column elementor-col-100 elementor-top-column elementor-element elementor-element-7094dcf\" data-id=\"7094dcf\" data-element_type=\"column\">\n\t\t\t<div class=\"elementor-widget-wrap elementor-element-populated\">\n\t\t\t\t\t\t<div class=\"elementor-element elementor-element-8f2adf7 elementor-widget elementor-widget-text-editor\" data-id=\"8f2adf7\" data-element_type=\"widget\" data-widget_type=\"text-editor.default\">\n\t\t\t\t<div class=\"elementor-widget-container\">\n\t\t\t\t\t\t\t\t\t<p>Assuntos relacionados: Retrato Empresarial, Retrato profissional, Retrato Executivo, Retrato de Neg\u00f3cios, Fotografia corporativa, Fotografia de Neg\u00f3cios, Fotografia Executiva, Imagem Profissional, Retrato para marketing pessoal, Fotos para Perfil Profissional, Fotos Profissionais, Retrato para linkedin e Foto para linkedin. <\/p>\t\t\t\t\t\t\t\t<\/div>\n\t\t\t\t<\/div>\n\t\t\t\t\t<\/div>\n\t\t<\/div>\n\t\t\t\t\t<\/div>\n\t\t<\/section>\n\t\t\t\t<\/div>\n\t\t","protected":false},"excerpt":{"rendered":"<p>Retrato corporativo Nossa especialidade \u00e9 te ajudar a encantar seus clientes Sua imagem diz muito sobre voc\u00ea! Um bom retrato&hellip;<\/p>\n<p> <a class=\"more-link\" href=\"https:\/\/plfoto.com.br\/web\/retrato-corporativo\/\">Leia mais<\/a><\/p>\n","protected":false},"author":1,"featured_media":0,"parent":0,"menu_order":0,"comment_status":"closed","ping_status":"closed","template":"elementor_header_footer","meta":{"content-type":"","_joinchat":[],"footnotes":""},"class_list":["post-19269","page","type-page","status-publish"],"yoast_head":"<!-- This site is optimized with the Yoast SEO Premium plugin v20.8 (Yoast SEO v26.4) - https:\/\/yoast.com\/wordpress\/plugins\/seo\/ -->\n<title>Retrato Corporativo - Est\u00fadio Arau\u00e1 | Paulo Lima Fotografia<\/title>\n<meta name=\"description\" content=\"Retrato corporativo - Para profissionais que prezam pela qualidade e precisam demonstrar sua autoridade no mercado em que atuam.\" \/>\n<meta name=\"robots\" content=\"index, follow, max-snippet:-1, max-image-preview:large, max-video-preview:-1\" \/>\n<link rel=\"canonical\" href=\"https:\/\/plfoto.com.br\/web\/retrato-corporativo\/\" \/>\n<meta property=\"og:locale\" content=\"pt_BR\" \/>\n<meta property=\"og:type\" content=\"article\" \/>\n<meta property=\"og:title\" content=\"Retrato Corporativo\" \/>\n<meta property=\"og:description\" content=\"Retrato corporativo - Para profissionais que prezam pela qualidade e precisam demonstrar sua autoridade no mercado em que atuam.\" \/>\n<meta property=\"og:url\" content=\"https:\/\/plfoto.com.br\/web\/retrato-corporativo\/\" \/>\n<meta property=\"og:site_name\" content=\"Est\u00fadio Arau\u00e1 | Paulo Lima Fotografia\" \/>\n<meta property=\"article:publisher\" content=\"https:\/\/www.facebook.com\/PauloLimaFotografia\" \/>\n<meta property=\"article:modified_time\" content=\"2025-06-06T11:25:41+00:00\" \/>\n<meta property=\"og:image\" content=\"https:\/\/plfoto.com.br\/web\/wp-content\/uploads\/2021\/08\/20210728-Eduardo-fotoPauloLima-_MG_2909.jpg\" \/>\n\t<meta property=\"og:image:width\" content=\"1365\" \/>\n\t<meta property=\"og:image:height\" content=\"2048\" \/>\n\t<meta property=\"og:image:type\" content=\"image\/jpeg\" \/>\n<meta name=\"twitter:label1\" content=\"Est. tempo de leitura\" \/>\n\t<meta name=\"twitter:data1\" content=\"9 minutos\" \/>\n<script type=\"application\/ld+json\" class=\"yoast-schema-graph\">{\"@context\":\"https:\/\/schema.org\",\"@graph\":[{\"@type\":\"WebPage\",\"@id\":\"https:\/\/plfoto.com.br\/web\/retrato-corporativo\/\",\"url\":\"https:\/\/plfoto.com.br\/web\/retrato-corporativo\/\",\"name\":\"Retrato Corporativo - Est\u00fadio Arau\u00e1 | Paulo Lima Fotografia\",\"isPartOf\":{\"@id\":\"https:\/\/plfoto.com.br\/web\/#website\"},\"primaryImageOfPage\":{\"@id\":\"https:\/\/plfoto.com.br\/web\/retrato-corporativo\/#primaryimage\"},\"image\":{\"@id\":\"https:\/\/plfoto.com.br\/web\/retrato-corporativo\/#primaryimage\"},\"thumbnailUrl\":\"https:\/\/plfoto.com.br\/web\/wp-content\/uploads\/2021\/08\/20210728-Eduardo-fotoPauloLima-_MG_2909-355x533.jpg\",\"datePublished\":\"2021-10-10T23:48:31+00:00\",\"dateModified\":\"2025-06-06T11:25:41+00:00\",\"description\":\"Retrato corporativo - Para profissionais que prezam pela qualidade e precisam demonstrar sua autoridade no mercado em que atuam.\",\"breadcrumb\":{\"@id\":\"https:\/\/plfoto.com.br\/web\/retrato-corporativo\/#breadcrumb\"},\"inLanguage\":\"pt-BR\",\"potentialAction\":[{\"@type\":\"ReadAction\",\"target\":[\"https:\/\/plfoto.com.br\/web\/retrato-corporativo\/\"]}]},{\"@type\":\"ImageObject\",\"inLanguage\":\"pt-BR\",\"@id\":\"https:\/\/plfoto.com.br\/web\/retrato-corporativo\/#primaryimage\",\"url\":\"https:\/\/plfoto.com.br\/web\/wp-content\/uploads\/2021\/08\/20210728-Eduardo-fotoPauloLima-_MG_2909.jpg\",\"contentUrl\":\"https:\/\/plfoto.com.br\/web\/wp-content\/uploads\/2021\/08\/20210728-Eduardo-fotoPauloLima-_MG_2909.jpg\",\"width\":1365,\"height\":2048,\"caption\":\"Retrato: Carlos Eduardo | Foto: Est\u00fadio Arau\u00e1 | Gabriela Iorio e Paulo Lima | www.plfoto.com.br Toda foto deve ser publicada com o cr\u00e9dito do autor, de acordo com a Lei N\u00ba 9.610 de 19\/02\/1998. |\"},{\"@type\":\"BreadcrumbList\",\"@id\":\"https:\/\/plfoto.com.br\/web\/retrato-corporativo\/#breadcrumb\",\"itemListElement\":[{\"@type\":\"ListItem\",\"position\":1,\"name\":\"In\u00edcio\",\"item\":\"https:\/\/plfoto.com.br\/web\/\"},{\"@type\":\"ListItem\",\"position\":2,\"name\":\"Retrato Corporativo\"}]},{\"@type\":\"WebSite\",\"@id\":\"https:\/\/plfoto.com.br\/web\/#website\",\"url\":\"https:\/\/plfoto.com.br\/web\/\",\"name\":\"Est\u00fadio Arau\u00e1 | Paulo Lima Fotografia\",\"description\":\"Retratos corporativos, Lookbook, Moda, retratos, ensaios, book, editoriais, gastronomia, produtos, fotografia de moda, fotografia de produtos, fotografo de gastronomia, fotografo de alimentos, est\u00fadio fotogr\u00e1fico, studio, ensaios externos, book em est\u00fadio, book externo, produ\u00e7\u00e3o de fotos, fotografia comercial, fine art, cat\u00e1logos, lookooks\",\"publisher\":{\"@id\":\"https:\/\/plfoto.com.br\/web\/#organization\"},\"potentialAction\":[{\"@type\":\"SearchAction\",\"target\":{\"@type\":\"EntryPoint\",\"urlTemplate\":\"https:\/\/plfoto.com.br\/web\/?s={search_term_string}\"},\"query-input\":{\"@type\":\"PropertyValueSpecification\",\"valueRequired\":true,\"valueName\":\"search_term_string\"}}],\"inLanguage\":\"pt-BR\"},{\"@type\":[\"Organization\",\"Place\"],\"@id\":\"https:\/\/plfoto.com.br\/web\/#organization\",\"name\":\"Paulo Lima Fotografia\",\"url\":\"https:\/\/plfoto.com.br\/web\/\",\"logo\":{\"@id\":\"https:\/\/plfoto.com.br\/web\/retrato-corporativo\/#local-main-organization-logo\"},\"image\":{\"@id\":\"https:\/\/plfoto.com.br\/web\/retrato-corporativo\/#local-main-organization-logo\"},\"sameAs\":[\"https:\/\/www.facebook.com\/PauloLimaFotografia\",\"https:\/\/x.com\/estudioaraua\",\"https:\/\/www.instagram.com\/paulolima_\/\",\"https:\/\/www.instagram.com\/estudioaraua\/\"],\"openingHoursSpecification\":[{\"@type\":\"OpeningHoursSpecification\",\"dayOfWeek\":[\"Sunday\",\"Monday\",\"Tuesday\",\"Wednesday\",\"Thursday\",\"Friday\",\"Saturday\"],\"opens\":\"09:00\",\"closes\":\"17:00\"}]},{\"@type\":\"ImageObject\",\"inLanguage\":\"pt-BR\",\"@id\":\"https:\/\/plfoto.com.br\/web\/retrato-corporativo\/#local-main-organization-logo\",\"url\":\"https:\/\/plfoto.com.br\/web\/wp-content\/uploads\/2018\/12\/LOGO2013-oficial-01.jpg\",\"contentUrl\":\"https:\/\/plfoto.com.br\/web\/wp-content\/uploads\/2018\/12\/LOGO2013-oficial-01.jpg\",\"width\":3508,\"height\":1533,\"caption\":\"Paulo Lima Fotografia\"}]}<\/script>\n<!-- \/ Yoast SEO Premium plugin. -->","yoast_head_json":{"title":"Retrato Corporativo - Est\u00fadio Arau\u00e1 | Paulo Lima Fotografia","description":"Retrato corporativo - Para profissionais que prezam pela qualidade e precisam demonstrar sua autoridade no mercado em que atuam.","robots":{"index":"index","follow":"follow","max-snippet":"max-snippet:-1","max-image-preview":"max-image-preview:large","max-video-preview":"max-video-preview:-1"},"canonical":"https:\/\/plfoto.com.br\/web\/retrato-corporativo\/","og_locale":"pt_BR","og_type":"article","og_title":"Retrato Corporativo","og_description":"Retrato corporativo - Para profissionais que prezam pela qualidade e precisam demonstrar sua autoridade no mercado em que atuam.","og_url":"https:\/\/plfoto.com.br\/web\/retrato-corporativo\/","og_site_name":"Est\u00fadio Arau\u00e1 | Paulo Lima Fotografia","article_publisher":"https:\/\/www.facebook.com\/PauloLimaFotografia","article_modified_time":"2025-06-06T11:25:41+00:00","og_image":[{"width":1365,"height":2048,"url":"https:\/\/plfoto.com.br\/web\/wp-content\/uploads\/2021\/08\/20210728-Eduardo-fotoPauloLima-_MG_2909.jpg","type":"image\/jpeg"}],"twitter_misc":{"Est. tempo de leitura":"9 minutos"},"schema":{"@context":"https:\/\/schema.org","@graph":[{"@type":"WebPage","@id":"https:\/\/plfoto.com.br\/web\/retrato-corporativo\/","url":"https:\/\/plfoto.com.br\/web\/retrato-corporativo\/","name":"Retrato Corporativo - Est\u00fadio Arau\u00e1 | Paulo Lima Fotografia","isPartOf":{"@id":"https:\/\/plfoto.com.br\/web\/#website"},"primaryImageOfPage":{"@id":"https:\/\/plfoto.com.br\/web\/retrato-corporativo\/#primaryimage"},"image":{"@id":"https:\/\/plfoto.com.br\/web\/retrato-corporativo\/#primaryimage"},"thumbnailUrl":"https:\/\/plfoto.com.br\/web\/wp-content\/uploads\/2021\/08\/20210728-Eduardo-fotoPauloLima-_MG_2909-355x533.jpg","datePublished":"2021-10-10T23:48:31+00:00","dateModified":"2025-06-06T11:25:41+00:00","description":"Retrato corporativo - Para profissionais que prezam pela qualidade e precisam demonstrar sua autoridade no mercado em que atuam.","breadcrumb":{"@id":"https:\/\/plfoto.com.br\/web\/retrato-corporativo\/#breadcrumb"},"inLanguage":"pt-BR","potentialAction":[{"@type":"ReadAction","target":["https:\/\/plfoto.com.br\/web\/retrato-corporativo\/"]}]},{"@type":"ImageObject","inLanguage":"pt-BR","@id":"https:\/\/plfoto.com.br\/web\/retrato-corporativo\/#primaryimage","url":"https:\/\/plfoto.com.br\/web\/wp-content\/uploads\/2021\/08\/20210728-Eduardo-fotoPauloLima-_MG_2909.jpg","contentUrl":"https:\/\/plfoto.com.br\/web\/wp-content\/uploads\/2021\/08\/20210728-Eduardo-fotoPauloLima-_MG_2909.jpg","width":1365,"height":2048,"caption":"Retrato: Carlos Eduardo | Foto: Est\u00fadio Arau\u00e1 | Gabriela Iorio e Paulo Lima | www.plfoto.com.br Toda foto deve ser publicada com o cr\u00e9dito do autor, de acordo com a Lei N\u00ba 9.610 de 19\/02\/1998. |"},{"@type":"BreadcrumbList","@id":"https:\/\/plfoto.com.br\/web\/retrato-corporativo\/#breadcrumb","itemListElement":[{"@type":"ListItem","position":1,"name":"In\u00edcio","item":"https:\/\/plfoto.com.br\/web\/"},{"@type":"ListItem","position":2,"name":"Retrato Corporativo"}]},{"@type":"WebSite","@id":"https:\/\/plfoto.com.br\/web\/#website","url":"https:\/\/plfoto.com.br\/web\/","name":"Est\u00fadio Arau\u00e1 | Paulo Lima Fotografia","description":"Retratos corporativos, Lookbook, Moda, retratos, ensaios, book, editoriais, gastronomia, produtos, fotografia de moda, fotografia de produtos, fotografo de gastronomia, fotografo de alimentos, est\u00fadio fotogr\u00e1fico, studio, ensaios externos, book em est\u00fadio, book externo, produ\u00e7\u00e3o de fotos, fotografia comercial, fine art, cat\u00e1logos, lookooks","publisher":{"@id":"https:\/\/plfoto.com.br\/web\/#organization"},"potentialAction":[{"@type":"SearchAction","target":{"@type":"EntryPoint","urlTemplate":"https:\/\/plfoto.com.br\/web\/?s={search_term_string}"},"query-input":{"@type":"PropertyValueSpecification","valueRequired":true,"valueName":"search_term_string"}}],"inLanguage":"pt-BR"},{"@type":["Organization","Place"],"@id":"https:\/\/plfoto.com.br\/web\/#organization","name":"Paulo Lima Fotografia","url":"https:\/\/plfoto.com.br\/web\/","logo":{"@id":"https:\/\/plfoto.com.br\/web\/retrato-corporativo\/#local-main-organization-logo"},"image":{"@id":"https:\/\/plfoto.com.br\/web\/retrato-corporativo\/#local-main-organization-logo"},"sameAs":["https:\/\/www.facebook.com\/PauloLimaFotografia","https:\/\/x.com\/estudioaraua","https:\/\/www.instagram.com\/paulolima_\/","https:\/\/www.instagram.com\/estudioaraua\/"],"openingHoursSpecification":[{"@type":"OpeningHoursSpecification","dayOfWeek":["Sunday","Monday","Tuesday","Wednesday","Thursday","Friday","Saturday"],"opens":"09:00","closes":"17:00"}]},{"@type":"ImageObject","inLanguage":"pt-BR","@id":"https:\/\/plfoto.com.br\/web\/retrato-corporativo\/#local-main-organization-logo","url":"https:\/\/plfoto.com.br\/web\/wp-content\/uploads\/2018\/12\/LOGO2013-oficial-01.jpg","contentUrl":"https:\/\/plfoto.com.br\/web\/wp-content\/uploads\/2018\/12\/LOGO2013-oficial-01.jpg","width":3508,"height":1533,"caption":"Paulo Lima Fotografia"}]}},"_links":{"self":[{"href":"https:\/\/plfoto.com.br\/web\/wp-json\/wp\/v2\/pages\/19269","targetHints":{"allow":["GET"]}}],"collection":[{"href":"https:\/\/plfoto.com.br\/web\/wp-json\/wp\/v2\/pages"}],"about":[{"href":"https:\/\/plfoto.com.br\/web\/wp-json\/wp\/v2\/types\/page"}],"author":[{"embeddable":true,"href":"https:\/\/plfoto.com.br\/web\/wp-json\/wp\/v2\/users\/1"}],"replies":[{"embeddable":true,"href":"https:\/\/plfoto.com.br\/web\/wp-json\/wp\/v2\/comments?post=19269"}],"version-history":[{"count":241,"href":"https:\/\/plfoto.com.br\/web\/wp-json\/wp\/v2\/pages\/19269\/revisions"}],"predecessor-version":[{"id":23056,"href":"https:\/\/plfoto.com.br\/web\/wp-json\/wp\/v2\/pages\/19269\/revisions\/23056"}],"wp:attachment":[{"href":"https:\/\/plfoto.com.br\/web\/wp-json\/wp\/v2\/media?parent=19269"}],"curies":[{"name":"wp","href":"https:\/\/api.w.org\/{rel}","templated":true}]}}